{"id":274,"date":"2024-02-19T14:33:36","date_gmt":"2024-02-19T13:33:36","guid":{"rendered":"https:\/\/gruppe.seeberger.de\/?page_id=274"},"modified":"2024-10-10T13:59:39","modified_gmt":"2024-10-10T11:59:39","slug":"soziale-verantwortung-und-engagement","status":"publish","type":"page","link":"https:\/\/gruppe.seeberger.de\/de\/nachhaltigkeit\/soziale-verantwortung-und-engagement\/","title":{"rendered":"Soziale Verantwortung und Engagement"},"content":{"rendered":"<div class=\"wpb-content-wrapper\">[vc_row ppi_row_padding=&#8220;ppi_remove_padding_top&#8220; full_width=&#8220;stretch_row_content_no_spaces&#8220;][vc_column]<div class=\"see_keyvisual-slider\"><div class=\"swiper swiper-keyvisual-slider swiper-69f209a8ed275\" data-swiperID=\"69f209a8ed275\"><div class=\"swiper-wrapper\"><div class=\"see_keyvisual-slider__item see_keyvisual-slider__item--light swiper-slide\"><img loading=\"lazy\" decoding=\"async\" width=\"2560\" height=\"1707\" src=\"https:\/\/gruppe.seeberger.de\/wp\/wp-content\/uploads\/2024\/04\/Gemeinschaft-Hero-1-scaled.jpg\" class=\"see_keyvisual-slider__item__image\" alt=\"Eine Gruppe von sieben Menschen l\u00e4chelt, steht dicht nebeneinander, vor Holzwand.\" srcset=\"https:\/\/gruppe.seeberger.de\/wp\/wp-content\/uploads\/2024\/04\/Gemeinschaft-Hero-1-scaled.jpg 2560w, https:\/\/gruppe.seeberger.de\/wp\/wp-content\/uploads\/2024\/04\/Gemeinschaft-Hero-1-300x200.jpg 300w, https:\/\/gruppe.seeberger.de\/wp\/wp-content\/uploads\/2024\/04\/Gemeinschaft-Hero-1-1024x683.jpg 1024w, https:\/\/gruppe.seeberger.de\/wp\/wp-content\/uploads\/2024\/04\/Gemeinschaft-Hero-1-768x512.jpg 768w, https:\/\/gruppe.seeberger.de\/wp\/wp-content\/uploads\/2024\/04\/Gemeinschaft-Hero-1-1920x1280.jpg 1920w, https:\/\/gruppe.seeberger.de\/wp\/wp-content\/uploads\/2024\/04\/Gemeinschaft-Hero-1-1200x800.jpg 1200w, https:\/\/gruppe.seeberger.de\/wp\/wp-content\/uploads\/2024\/04\/Gemeinschaft-Hero-1-992x661.jpg 992w, https:\/\/gruppe.seeberger.de\/wp\/wp-content\/uploads\/2024\/04\/Gemeinschaft-Hero-1-480x320.jpg 480w\" sizes=\"auto, (max-width: 2560px) 100vw, 2560px\" \/><div class=\"see_keyvisual-slider__item__content \"><div class=\"see_keyvisual-slider__item__content__inner\"><div class=\"see_keyvisual-slider__item__content__headlines\"><h1 class=\"see_keyvisual-slider__item__content__headline\">Gemeinsam f\u00fcr ein starkes Miteinander <\/h1><\/div><\/div><\/div><\/div><\/div><\/div><\/div>[\/vc_column][\/vc_row][vc_row ppi_content_type=&#8220;ppi_content_width_medium&#8220; ppi_decoration_top=&#8220;left&#8220; ppi_decoration_top_color=&#8220;#B3D57C&#8220;][vc_column][vc_column_text]\r\n<h2 style=\"text-align: center;\">Unser Engagement f\u00fcr eine starke Gemeinschaft in unserem Unternehmen<\/h2>\r\n<p style=\"text-align: center;\"><span style=\"font-weight: 400;\">Eine starke Gemeinschaft, die auf unseren Unternehmenswerten aufbaut, ist uns seit jeher eine besondere Herzensangelegenheit. Unser Ziel ist es, eine Umgebung zu schaffen, die menschlich und verantwortungsbewusst ist. Bei Seeberger gestalten wir gemeinsam ein Miteinander, in dem wir uns gegenseitig unterst\u00fctzen. Diese Ausrichtung st\u00e4rkt unsere Anpassungsf\u00e4higkeit und Flexibilit\u00e4t, die es uns erm\u00f6glicht, kontinuierlich zu wachsen und uns weiterzuentwickeln &#8211; von der Entwicklung und Etablierung fortschrittlicher Arbeitsmodelle, bis hin zum Vorantreiben der Digitalisierung und Modernisierung unseres Unternehmens.<\/span><\/p>\r\n[\/vc_column_text][\/vc_column][\/vc_row][vc_row ppi_row_type=&#8220;ppi_light_bg&#8220; full_width=&#8220;stretch_row&#8220; ppi_decoration_top=&#8220;right&#8220; ppi_decoration_top_color=&#8220;#275D38&#8243; ppi_decoration_top_angle=&#8220;descending&#8220;][vc_column][vc_column_text]\r\n<h2 style=\"text-align: center;\">Unsere Ziele bis 2025<\/h2>\r\n[\/vc_column_text]<div class=\"see_icon_module\"><div class=\"see_icon_module-slider swiper swiper-icon-module-slider swiper-69f209a8ed62f\" data-swiperID=\"69f209a8ed62f\"><div class=\"swiper-wrapper\"><div class=\"see_icon_module__item swiper-slide\">\n            <div class=\"see_icon_module__item__image\">\n            <img loading=\"lazy\" decoding=\"async\" width=\"295\" height=\"295\" src=\"https:\/\/gruppe.seeberger.de\/wp\/wp-content\/uploads\/2024\/04\/Seeberger_Icon_SeebergerFamiliy.svg\" class=\"attachment-see-md size-see-md\" alt=\"Icon, das die Seeberger Familie symbolisiert.\" \/>        <\/div>\n        <div class=\"see_icon_module__item__description\">\n        <span class=\"h3\">Kontinuierlicher Ausbau unseres Mitarbeitenden-Programms \u201cSeeberger Family\u201d<\/span>                    <\/div>\n<\/div>\n<div class=\"see_icon_module__item swiper-slide\">\n            <div class=\"see_icon_module__item__image\">\n            <img loading=\"lazy\" decoding=\"async\" width=\"295\" height=\"295\" src=\"https:\/\/gruppe.seeberger.de\/wp\/wp-content\/uploads\/2024\/04\/Icon_MobilesArbeiten-Kopie-1.svg\" class=\"attachment-see-md size-see-md\" alt=\"Eine Darstellung, die mobiles Arbeiten symbolisiert.\" \/>        <\/div>\n        <div class=\"see_icon_module__item__description\">\n        <span class=\"h3\">Ausbau von \u2018New Work\u2019 zur besseren Vernetzung und Kooperation<\/span>                    <\/div>\n<\/div>\n<div class=\"see_icon_module__item swiper-slide\">\n            <div class=\"see_icon_module__item__image\">\n            <img loading=\"lazy\" decoding=\"async\" width=\"295\" height=\"295\" src=\"https:\/\/gruppe.seeberger.de\/wp\/wp-content\/uploads\/2024\/05\/Icon_NewLeadership-1.svg\" class=\"attachment-see-md size-see-md\" alt=\"Icon, das eine Frau darstellt, die zu zwei Personen spricht.\" \/>        <\/div>\n        <div class=\"see_icon_module__item__description\">\n        <span class=\"h3\">Etablierung einer modernen \u201cNew Leadership\u201d F\u00fchrungskultur<\/span>                    <\/div>\n<\/div>\n<\/div><\/div><div class=\"swiper-pagination\"><\/div><\/div>[\/vc_column][\/vc_row][vc_row][vc_column][vc_column_text]\r\n<h2 style=\"text-align: center;\">Meilensteine Gemeinschaft &#8211; Was bisher geschah<\/h2>\r\n[\/vc_column_text]<div class=\"see_timeline__wrapper\"><div class=\"see_timeline sustainability\"><div class=\"swiper swiper-timeline-slider swiper-69f209a8ee828\" data-swiperID=\"69f209a8ee828\"><div class=\"swiper-wrapper\"><div class=\"see_timeline__item swiper-slide\">\n    <h3 class=\"see_timeline__item__year h1\">\n        2019    <\/h3>\n    <div class=\"see_timeline__item__point\"><\/div>\n    <div class=\"see_timeline__item__content\">\n                    <div class=\"see_timeline__item__content__image\">\n                <img loading=\"lazy\" decoding=\"async\" width=\"200\" height=\"264\" src=\"https:\/\/gruppe.seeberger.de\/wp\/wp-content\/uploads\/2024\/04\/Icon_VereinbarkeitBerufPflege.svg\" class=\"attachment-see-md\" alt=\"Eine Darstellung, die die Vereinbarkeit von Beruf und Pflege symbolisiert.\" title=\"Icon_VereinbarkeitBerufPflege\" \/>            <\/div>\n                \n                    <p class=\"see_timeline__item__content__description\">2019 erweitern wir unser Seeberger Family Programm um ein umfassendes Konzept f\u00fcr die Vereinbarkeit von Beruf und Pflege; bauen unser Compliance Management-System um die Themen Korruption und Whistleblowing aus; und f\u00fchren eine \u201cBusiness-Team Organisation\u201d pro Gesch\u00e4ftsbereich ein.<\/p>\n            <\/div>\n<\/div>\n<div class=\"see_timeline__item swiper-slide\">\n    <h3 class=\"see_timeline__item__year h1\">\n        2020\/21    <\/h3>\n    <div class=\"see_timeline__item__point\"><\/div>\n    <div class=\"see_timeline__item__content\">\n                    <div class=\"see_timeline__item__content__image\">\n                <img loading=\"lazy\" decoding=\"async\" width=\"200\" height=\"264\" src=\"https:\/\/gruppe.seeberger.de\/wp\/wp-content\/uploads\/2024\/05\/Icon_ComplianceManagement-System-1.svg\" class=\"attachment-see-md\" alt=\"Icon, das ein Vertrag unter einer Waage darstellt.\" title=\"Icon_ComplianceManagement-System 1\" \/>            <\/div>\n                \n                    <p class=\"see_timeline__item__content__description\">2020\/2021 pr\u00fcfen und passen wir unseren Code of Conduct an; bauen unsere F\u00fchrungskompetenz in fortlaufenden Workshops weiter aus; haben 30 % der Teilnehmer:innen unseres F\u00f6rderprogramms f\u00fcr Nachwuchskr\u00e4fte weiterf\u00fchrende Funktionen \u00fcbernommen und bei weiteren 50 % erweitert sich der Verantwortungsbereich innerhalb der jeweiligen Position; und wir zertifizieren unser Compliance-Management-System.<\/p>\n            <\/div>\n<\/div>\n<div class=\"see_timeline__item swiper-slide\">\n    <h3 class=\"see_timeline__item__year h1\">\n        2022\/23    <\/h3>\n    <div class=\"see_timeline__item__point\"><\/div>\n    <div class=\"see_timeline__item__content\">\n                    <div class=\"see_timeline__item__content__image\">\n                <img loading=\"lazy\" decoding=\"async\" width=\"190\" height=\"264\" src=\"https:\/\/gruppe.seeberger.de\/wp\/wp-content\/uploads\/2024\/04\/Icon_WellpassFirmenfitness.svg\" class=\"attachment-see-md\" alt=\"Eine Darstellung, die das Firmenfitness-Programm Wellpass symbolisiert.\" title=\"Icon_Firmenfitness\" \/>            <\/div>\n                \n                    <p class=\"see_timeline__item__content__description\">2022\/2023 wurde das Seeberger Family Programm um weitere Angebote (z.B. EGYM Wellpass Firmenfitness) erweitert. Der Fokus lag darauf, Angebote zu schaffen, die ortsunabh\u00e4ngig von allen Seeberger Mitarbeitenden genutzt werden k\u00f6nnen.<\/p>\n            <\/div>\n<\/div>\n<\/div><\/div><div class=\"swiper-pagination\"><\/div><\/div><\/div>[\/vc_column][\/vc_row][vc_row ppi_row_type=&#8220;ppi_light_bg&#8220; ppi_content_type=&#8220;ppi_content_width_small&#8220; full_width=&#8220;stretch_row&#8220; ppi_decoration_top=&#8220;left&#8220; ppi_decoration_top_color=&#8220;#B3D57C&#8220; ppi_decoration_bottom=&#8220;right&#8220; ppi_decoration_bottom_color=&#8220;#275D38&#8243; ppi_decoration_bottom_angle=&#8220;descending&#8220;][vc_column]<div class=\"see_image \"><figure><img loading=\"lazy\" decoding=\"async\" width=\"720\" height=\"540\" src=\"https:\/\/gruppe.seeberger.de\/wp\/wp-content\/uploads\/2024\/05\/JobRad_Foto-3.jpg\" class=\"attachment-see-lg size-see-lg\" alt=\"Zwei Personen fahren Fahrr\u00e4der auf einem Weg neben einem Geb\u00e4ude und bl\u00fchenden Str\u00e4uchern.\" srcset=\"https:\/\/gruppe.seeberger.de\/wp\/wp-content\/uploads\/2024\/05\/JobRad_Foto-3.jpg 720w, https:\/\/gruppe.seeberger.de\/wp\/wp-content\/uploads\/2024\/05\/JobRad_Foto-3-300x225.jpg 300w, https:\/\/gruppe.seeberger.de\/wp\/wp-content\/uploads\/2024\/05\/JobRad_Foto-3-480x360.jpg 480w\" sizes=\"auto, (max-width: 720px) 100vw, 720px\" \/><\/figure><\/div><div class=\"ppi_spacer\" style=\"height: 50px\"><\/div>[vc_column_text]\r\n<h2 style=\"text-align: center;\">Unser Mitarbeitenden-Programm Seeberger Family<\/h2>\r\n<p style=\"text-align: center;\"><span style=\"font-weight: 400;\">Als Familienunternehmen legen wir besonderen Wert auf ein Umfeld, in dem Wertsch\u00e4tzung und Respekt gelebt werden. Work-Life-Balance ist bei uns nicht nur ein Begriff, sondern wir setzen sie aktiv um. Mit unserem Programm \u201cSeeberger Family\u201d profitieren unsere Mitarbeitenden von vielseitigen Benefits wie Kitapl\u00e4tzen, Unterst\u00fctzung f\u00fcr pflegende Angeh\u00f6rige, Sport- und Massageangeboten bis hin zu Gesundheits- und Altersvorsorge, sowie von abwechslungsreichen Aktivit\u00e4ten, die den Teamgeist st\u00e4rken. <\/span><\/p>\r\n<p style=\"text-align: center;\"><strong><a class=\"button button--outline--primary\" href=\"https:\/\/gruppe.seeberger.de\/karriere\/mitarbeiterbenefits\/\">Zu unserem Mitarbeitenden-Programm<\/a><\/strong><\/p>\r\n[\/vc_column_text][\/vc_column][\/vc_row][vc_row][vc_column]\n<div class=\"see_image-text__container\">\n    <div class=\"see_image-text ppi_row ppi_row-flex align-items--center\">\n        <div class=\"ppi_col-xs-12 ppi_col-md-6 see_image\">\n                        <figure>\n                                    <img loading=\"lazy\" decoding=\"async\" width=\"1000\" height=\"1000\" src=\"https:\/\/gruppe.seeberger.de\/wp\/wp-content\/uploads\/2024\/05\/Icon_Mitarbeitenden-Beteiligung.png\" class=\"attachment-see-lg size-see-lg\" alt=\"Drei illustrierte Personen vor einem Diagramm mit aufsteigendem Pfeil, symbolisierend Wachstum.\" srcset=\"https:\/\/gruppe.seeberger.de\/wp\/wp-content\/uploads\/2024\/05\/Icon_Mitarbeitenden-Beteiligung.png 1000w, https:\/\/gruppe.seeberger.de\/wp\/wp-content\/uploads\/2024\/05\/Icon_Mitarbeitenden-Beteiligung-300x300.png 300w, https:\/\/gruppe.seeberger.de\/wp\/wp-content\/uploads\/2024\/05\/Icon_Mitarbeitenden-Beteiligung-150x150.png 150w, https:\/\/gruppe.seeberger.de\/wp\/wp-content\/uploads\/2024\/05\/Icon_Mitarbeitenden-Beteiligung-768x768.png 768w, https:\/\/gruppe.seeberger.de\/wp\/wp-content\/uploads\/2024\/05\/Icon_Mitarbeitenden-Beteiligung-992x992.png 992w, https:\/\/gruppe.seeberger.de\/wp\/wp-content\/uploads\/2024\/05\/Icon_Mitarbeitenden-Beteiligung-480x480.png 480w\" sizes=\"auto, (max-width: 1000px) 100vw, 1000px\" \/>                            <\/figure>\n                                            <\/div>\n\n        <div class=\"ppi_col-xs-12 ppi_col-md-6 more-padding-left\">\n                            <div class=\"see_image-text__content\">\n                    <h2>Mitarbeiterbeteiligung bei Seeberger<\/h2>\n<p>Es geht uns um mehr als nur Arbeit \u2013 es geht uns um echte Teilhabe. Wir beziehen unsere Mitarbeitenden aktiv in die Unternehmensgestaltung ein und lassen sie am Unternehmenserfolg und am Kapital teilhaben. Dank unseres Mitarbeiter-Beteiligungsmodells profitiert jede:r von einer gewinnabh\u00e4ngigen Erfolgsbeteiligung und einer attraktiven Verzinsung des Kapitals. Das ist nicht nur eine Belohnung f\u00fcr den Einsatz, sondern auch eine tolle M\u00f6glichkeit f\u00fcr langfristigen Verm\u00f6gensaufbau.<\/p>\n                <\/div>\n                    <\/div>\n\n\n\n            <\/div>\n<\/div>\n[\/vc_column][\/vc_row][vc_row ppi_row_type=&#8220;ppi_light_bg&#8220; ppi_content_type=&#8220;ppi_content_width_small&#8220; full_width=&#8220;stretch_row&#8220;][vc_column][vc_column_text]\r\n<h2 style=\"text-align: center;\">Das Seeberger Hinweisgebersystem<\/h2>\r\n<p style=\"text-align: center;\"><span style=\"font-weight: 400;\">Gesetze, Regeln und Richtlinien sind f\u00fcr uns nicht nur Worte. Unser Ziel ist es, stets verantwortungsvoll zu agieren und m\u00f6gliche Verst\u00f6\u00dfe fr\u00fchzeitig zu erkennen und zu adressieren. So stellen wir sicher, dass Fehler schnell behoben werden. Dank unseres Hinweisgebersystems kann jede Person anonym und unkompliziert jegliche Auff\u00e4lligkeiten direkt an unseren Compliance &#8211; Ansprechpartner melden.<\/span><\/p>\r\n<p style=\"text-align: center;\"><strong><a class=\"button button--outline--primary\" href=\"https:\/\/gruppe.seeberger.de\/ueber-uns\/seeberger-hinweisgebersystem\/\">Zum Hinweisgebersystem<\/a><\/strong><\/p>\r\n[\/vc_column_text][\/vc_column][\/vc_row]<\/div>","protected":false},"excerpt":{"rendered":"[vc_row ppi_row_padding=&#8220;ppi_remove_padding_top&#8220; full_width=&#8220;stretch_row_content_no_spaces&#8220;][vc_column][\/vc_column][\/vc_row][vc_row ppi_content_type=&#8220;ppi_content_width_medium&#8220; ppi_decoration_top=&#8220;left&#8220; ppi_decoration_top_color=&#8220;#B3D57C&#8220;][vc_column][vc_column_text] Unser Engagement f\u00fcr eine starke Gemeinschaft in unserem Unternehmen Eine starke Gemeinschaft, die auf unseren Unternehmenswerten aufbaut, ist uns seit jeher eine besondere Herzensangelegenheit. Unser Ziel ist es, eine Umgebung zu schaffen, die menschlich und verantwortungsbewusst ist. Bei Seeberger gestalten wir gemeinsam ein Miteinander, in dem wir uns gegenseitig [&hellip;]","protected":false},"author":6,"featured_media":0,"parent":127,"menu_order":0,"comment_status":"closed","ping_status":"closed","template":"","meta":{"_acf_changed":false,"inline_featured_image":false,"footnotes":""},"class_list":["post-274","page","type-page","status-publish","hentry"],"acf":[],"yoast_head":"<!-- This site is optimized with the Yoast SEO plugin v27.2 - https:\/\/yoast.com\/product\/yoast-seo-wordpress\/ -->\n<title>Soziale Verantwortung bei Seeberger: Unser Engagement f\u00fcr die Zukunft<\/title>\n<meta name=\"description\" content=\"Jetzt entdecken, wie Seeberger durch soziale Verantwortung und gemeinschaftliches Engagement eine positive Zukunft gestaltet. Hier berichten wir \u00fcber unsere Initiativen f\u00fcr Mitarbeitende und unsere Gemeinschaft.\" \/>\n<meta name=\"robots\" content=\"index, follow, max-snippet:-1, max-image-preview:large, max-video-preview:-1\" \/>\n<link rel=\"canonical\" href=\"https:\/\/gruppe.seeberger.de\/de\/nachhaltigkeit\/soziale-verantwortung-und-engagement\/\" \/>\n<meta property=\"og:locale\" content=\"de_DE\" \/>\n<meta property=\"og:type\" content=\"article\" \/>\n<meta property=\"og:title\" content=\"Soziale Verantwortung bei Seeberger: Unser Engagement f\u00fcr die Zukunft\" \/>\n<meta property=\"og:description\" content=\"Jetzt entdecken, wie Seeberger durch soziale Verantwortung und gemeinschaftliches Engagement eine positive Zukunft gestaltet. Hier berichten wir \u00fcber unsere Initiativen f\u00fcr Mitarbeitende und unsere Gemeinschaft.\" \/>\n<meta property=\"og:url\" content=\"https:\/\/gruppe.seeberger.de\/de\/nachhaltigkeit\/soziale-verantwortung-und-engagement\/\" \/>\n<meta property=\"og:site_name\" content=\"Seeberger Gruppe\" \/>\n<meta property=\"article:publisher\" content=\"https:\/\/www.facebook.com\/seeberger.de\" \/>\n<meta property=\"article:modified_time\" content=\"2024-10-10T11:59:39+00:00\" \/>\n<meta property=\"og:image\" content=\"https:\/\/gruppe.seeberger.de\/wp\/wp-content\/uploads\/2024\/05\/Seeberger_Genusswelt_Aussenansicht.jpg\" \/>\n\t<meta property=\"og:image:width\" content=\"1200\" \/>\n\t<meta property=\"og:image:height\" content=\"832\" \/>\n\t<meta property=\"og:image:type\" content=\"image\/jpeg\" \/>\n<meta name=\"twitter:card\" content=\"summary_large_image\" \/>\n<meta name=\"twitter:label1\" content=\"Gesch\u00e4tzte Lesezeit\" \/>\n\t<meta name=\"twitter:data1\" content=\"2\u00a0Minuten\" \/>\n<script type=\"application\/ld+json\" class=\"yoast-schema-graph\">{\"@context\":\"https:\/\/schema.org\",\"@graph\":[{\"@type\":\"WebPage\",\"@id\":\"https:\/\/gruppe.seeberger.de\/de\/nachhaltigkeit\/soziale-verantwortung-und-engagement\/\",\"url\":\"https:\/\/gruppe.seeberger.de\/de\/nachhaltigkeit\/soziale-verantwortung-und-engagement\/\",\"name\":\"Soziale Verantwortung bei Seeberger: Unser Engagement f\u00fcr die Zukunft\",\"isPartOf\":{\"@id\":\"https:\/\/gruppe.seeberger.de\/de\/#website\"},\"datePublished\":\"2024-02-19T13:33:36+00:00\",\"dateModified\":\"2024-10-10T11:59:39+00:00\",\"description\":\"Jetzt entdecken, wie Seeberger durch soziale Verantwortung und gemeinschaftliches Engagement eine positive Zukunft gestaltet. Hier berichten wir \u00fcber unsere Initiativen f\u00fcr Mitarbeitende und unsere Gemeinschaft.\",\"breadcrumb\":{\"@id\":\"https:\/\/gruppe.seeberger.de\/de\/nachhaltigkeit\/soziale-verantwortung-und-engagement\/#breadcrumb\"},\"inLanguage\":\"de\",\"potentialAction\":[{\"@type\":\"ReadAction\",\"target\":[\"https:\/\/gruppe.seeberger.de\/de\/nachhaltigkeit\/soziale-verantwortung-und-engagement\/\"]}]},{\"@type\":\"BreadcrumbList\",\"@id\":\"https:\/\/gruppe.seeberger.de\/de\/nachhaltigkeit\/soziale-verantwortung-und-engagement\/#breadcrumb\",\"itemListElement\":[{\"@type\":\"ListItem\",\"position\":1,\"name\":\"Home\",\"item\":\"https:\/\/gruppe.seeberger.de\/de\/\"},{\"@type\":\"ListItem\",\"position\":2,\"name\":\"Nachhaltigkeit\",\"item\":\"https:\/\/gruppe.seeberger.de\/de\/nachhaltigkeit\/\"},{\"@type\":\"ListItem\",\"position\":3,\"name\":\"Soziale Verantwortung und Engagement\"}]},{\"@type\":\"WebSite\",\"@id\":\"https:\/\/gruppe.seeberger.de\/de\/#website\",\"url\":\"https:\/\/gruppe.seeberger.de\/de\/\",\"name\":\"Seeberger Gruppe Website\",\"description\":\"Ein Familienunternehmen mit Tradition\",\"publisher\":{\"@id\":\"https:\/\/gruppe.seeberger.de\/de\/#organization\"},\"alternateName\":\"Seeberger Gruppe\",\"potentialAction\":[{\"@type\":\"SearchAction\",\"target\":{\"@type\":\"EntryPoint\",\"urlTemplate\":\"https:\/\/gruppe.seeberger.de\/de\/?s={search_term_string}\"},\"query-input\":{\"@type\":\"PropertyValueSpecification\",\"valueRequired\":true,\"valueName\":\"search_term_string\"}}],\"inLanguage\":\"de\"},{\"@type\":\"Organization\",\"@id\":\"https:\/\/gruppe.seeberger.de\/de\/#organization\",\"name\":\"Seeberger Gruppe\",\"url\":\"https:\/\/gruppe.seeberger.de\/de\/\",\"logo\":{\"@type\":\"ImageObject\",\"inLanguage\":\"de\",\"@id\":\"https:\/\/gruppe.seeberger.de\/de\/#\/schema\/logo\/image\/\",\"url\":\"https:\/\/gruppe.seeberger.de\/wp-content\/uploads\/2024\/03\/seeberger-gruppe-logo.svg\",\"contentUrl\":\"https:\/\/gruppe.seeberger.de\/wp-content\/uploads\/2024\/03\/seeberger-gruppe-logo.svg\",\"width\":224,\"height\":64,\"caption\":\"Seeberger Gruppe\"},\"image\":{\"@id\":\"https:\/\/gruppe.seeberger.de\/de\/#\/schema\/logo\/image\/\"},\"sameAs\":[\"https:\/\/www.facebook.com\/seeberger.de\",\"https:\/\/www.youtube.com\/channel\/UC1ZsMjWjwtYtlymi5VKdRqA\",\"https:\/\/www.instagram.com\/seeberger_1844\/\",\"https:\/\/www.xing.com\/pages\/seebergergmbh\",\"http:\/\/www.linkedin.com\/company\/seeberger\"]}]}<\/script>\n<!-- \/ Yoast SEO plugin. -->","yoast_head_json":{"title":"Soziale Verantwortung bei Seeberger: Unser Engagement f\u00fcr die Zukunft","description":"Jetzt entdecken, wie Seeberger durch soziale Verantwortung und gemeinschaftliches Engagement eine positive Zukunft gestaltet. Hier berichten wir \u00fcber unsere Initiativen f\u00fcr Mitarbeitende und unsere Gemeinschaft.","robots":{"index":"index","follow":"follow","max-snippet":"max-snippet:-1","max-image-preview":"max-image-preview:large","max-video-preview":"max-video-preview:-1"},"canonical":"https:\/\/gruppe.seeberger.de\/de\/nachhaltigkeit\/soziale-verantwortung-und-engagement\/","og_locale":"de_DE","og_type":"article","og_title":"Soziale Verantwortung bei Seeberger: Unser Engagement f\u00fcr die Zukunft","og_description":"Jetzt entdecken, wie Seeberger durch soziale Verantwortung und gemeinschaftliches Engagement eine positive Zukunft gestaltet. Hier berichten wir \u00fcber unsere Initiativen f\u00fcr Mitarbeitende und unsere Gemeinschaft.","og_url":"https:\/\/gruppe.seeberger.de\/de\/nachhaltigkeit\/soziale-verantwortung-und-engagement\/","og_site_name":"Seeberger Gruppe","article_publisher":"https:\/\/www.facebook.com\/seeberger.de","article_modified_time":"2024-10-10T11:59:39+00:00","og_image":[{"width":1200,"height":832,"url":"https:\/\/gruppe.seeberger.de\/wp\/wp-content\/uploads\/2024\/05\/Seeberger_Genusswelt_Aussenansicht.jpg","type":"image\/jpeg"}],"twitter_card":"summary_large_image","twitter_misc":{"Gesch\u00e4tzte Lesezeit":"2\u00a0Minuten"},"schema":{"@context":"https:\/\/schema.org","@graph":[{"@type":"WebPage","@id":"https:\/\/gruppe.seeberger.de\/de\/nachhaltigkeit\/soziale-verantwortung-und-engagement\/","url":"https:\/\/gruppe.seeberger.de\/de\/nachhaltigkeit\/soziale-verantwortung-und-engagement\/","name":"Soziale Verantwortung bei Seeberger: Unser Engagement f\u00fcr die Zukunft","isPartOf":{"@id":"https:\/\/gruppe.seeberger.de\/de\/#website"},"datePublished":"2024-02-19T13:33:36+00:00","dateModified":"2024-10-10T11:59:39+00:00","description":"Jetzt entdecken, wie Seeberger durch soziale Verantwortung und gemeinschaftliches Engagement eine positive Zukunft gestaltet. Hier berichten wir \u00fcber unsere Initiativen f\u00fcr Mitarbeitende und unsere Gemeinschaft.","breadcrumb":{"@id":"https:\/\/gruppe.seeberger.de\/de\/nachhaltigkeit\/soziale-verantwortung-und-engagement\/#breadcrumb"},"inLanguage":"de","potentialAction":[{"@type":"ReadAction","target":["https:\/\/gruppe.seeberger.de\/de\/nachhaltigkeit\/soziale-verantwortung-und-engagement\/"]}]},{"@type":"BreadcrumbList","@id":"https:\/\/gruppe.seeberger.de\/de\/nachhaltigkeit\/soziale-verantwortung-und-engagement\/#breadcrumb","itemListElement":[{"@type":"ListItem","position":1,"name":"Home","item":"https:\/\/gruppe.seeberger.de\/de\/"},{"@type":"ListItem","position":2,"name":"Nachhaltigkeit","item":"https:\/\/gruppe.seeberger.de\/de\/nachhaltigkeit\/"},{"@type":"ListItem","position":3,"name":"Soziale Verantwortung und Engagement"}]},{"@type":"WebSite","@id":"https:\/\/gruppe.seeberger.de\/de\/#website","url":"https:\/\/gruppe.seeberger.de\/de\/","name":"Seeberger Gruppe Website","description":"Ein Familienunternehmen mit Tradition","publisher":{"@id":"https:\/\/gruppe.seeberger.de\/de\/#organization"},"alternateName":"Seeberger Gruppe","potentialAction":[{"@type":"SearchAction","target":{"@type":"EntryPoint","urlTemplate":"https:\/\/gruppe.seeberger.de\/de\/?s={search_term_string}"},"query-input":{"@type":"PropertyValueSpecification","valueRequired":true,"valueName":"search_term_string"}}],"inLanguage":"de"},{"@type":"Organization","@id":"https:\/\/gruppe.seeberger.de\/de\/#organization","name":"Seeberger Gruppe","url":"https:\/\/gruppe.seeberger.de\/de\/","logo":{"@type":"ImageObject","inLanguage":"de","@id":"https:\/\/gruppe.seeberger.de\/de\/#\/schema\/logo\/image\/","url":"https:\/\/gruppe.seeberger.de\/wp-content\/uploads\/2024\/03\/seeberger-gruppe-logo.svg","contentUrl":"https:\/\/gruppe.seeberger.de\/wp-content\/uploads\/2024\/03\/seeberger-gruppe-logo.svg","width":224,"height":64,"caption":"Seeberger Gruppe"},"image":{"@id":"https:\/\/gruppe.seeberger.de\/de\/#\/schema\/logo\/image\/"},"sameAs":["https:\/\/www.facebook.com\/seeberger.de","https:\/\/www.youtube.com\/channel\/UC1ZsMjWjwtYtlymi5VKdRqA","https:\/\/www.instagram.com\/seeberger_1844\/","https:\/\/www.xing.com\/pages\/seebergergmbh","http:\/\/www.linkedin.com\/company\/seeberger"]}]}},"_links":{"self":[{"href":"https:\/\/gruppe.seeberger.de\/de\/wp-json\/wp\/v2\/pages\/274","targetHints":{"allow":["GET"]}}],"collection":[{"href":"https:\/\/gruppe.seeberger.de\/de\/wp-json\/wp\/v2\/pages"}],"about":[{"href":"https:\/\/gruppe.seeberger.de\/de\/wp-json\/wp\/v2\/types\/page"}],"author":[{"embeddable":true,"href":"https:\/\/gruppe.seeberger.de\/de\/wp-json\/wp\/v2\/users\/6"}],"replies":[{"embeddable":true,"href":"https:\/\/gruppe.seeberger.de\/de\/wp-json\/wp\/v2\/comments?post=274"}],"version-history":[{"count":28,"href":"https:\/\/gruppe.seeberger.de\/de\/wp-json\/wp\/v2\/pages\/274\/revisions"}],"predecessor-version":[{"id":3994,"href":"https:\/\/gruppe.seeberger.de\/de\/wp-json\/wp\/v2\/pages\/274\/revisions\/3994"}],"up":[{"embeddable":true,"href":"https:\/\/gruppe.seeberger.de\/de\/wp-json\/wp\/v2\/pages\/127"}],"wp:attachment":[{"href":"https:\/\/gruppe.seeberger.de\/de\/wp-json\/wp\/v2\/media?parent=274"}],"curies":[{"name":"wp","href":"https:\/\/api.w.org\/{rel}","templated":true}]}}