{"id":287,"date":"2024-02-19T14:41:11","date_gmt":"2024-02-19T13:41:11","guid":{"rendered":"https:\/\/gruppe.seeberger.de\/?page_id=287"},"modified":"2026-04-27T09:14:43","modified_gmt":"2026-04-27T07:14:43","slug":"jobs-in-ulm","status":"publish","type":"page","link":"https:\/\/gruppe.seeberger.de\/de\/karriere\/jobs-in-ulm\/","title":{"rendered":"Einsteiger:innen &amp; Berufserfahrene"},"content":{"rendered":"<div class=\"wpb-content-wrapper\">[vc_row ppi_row_padding=&#8220;ppi_remove_padding_top&#8220; full_width=&#8220;stretch_row_content_no_spaces&#8220;][vc_column]<div class=\"see_keyvisual-slider\"><div class=\"swiper swiper-keyvisual-slider swiper-69f069b48c9cd\" data-swiperID=\"69f069b48c9cd\"><div class=\"swiper-wrapper\"><div class=\"see_keyvisual-slider__item see_keyvisual-slider__item--light swiper-slide\"><img loading=\"lazy\" decoding=\"async\" width=\"2560\" height=\"1510\" src=\"https:\/\/gruppe.seeberger.de\/wp\/wp-content\/uploads\/2024\/04\/Einsteiger-und-Berufserfahrene-min-scaled.jpg\" class=\"see_keyvisual-slider__item__image\" alt=\"Mitarbeiterin l\u00e4chelt in die Kamera, Kollege daneben am Tablet\" srcset=\"https:\/\/gruppe.seeberger.de\/wp\/wp-content\/uploads\/2024\/04\/Einsteiger-und-Berufserfahrene-min-scaled.jpg 2560w, https:\/\/gruppe.seeberger.de\/wp\/wp-content\/uploads\/2024\/04\/Einsteiger-und-Berufserfahrene-min-300x177.jpg 300w, https:\/\/gruppe.seeberger.de\/wp\/wp-content\/uploads\/2024\/04\/Einsteiger-und-Berufserfahrene-min-1024x604.jpg 1024w, https:\/\/gruppe.seeberger.de\/wp\/wp-content\/uploads\/2024\/04\/Einsteiger-und-Berufserfahrene-min-768x453.jpg 768w, https:\/\/gruppe.seeberger.de\/wp\/wp-content\/uploads\/2024\/04\/Einsteiger-und-Berufserfahrene-min-1920x1133.jpg 1920w, https:\/\/gruppe.seeberger.de\/wp\/wp-content\/uploads\/2024\/04\/Einsteiger-und-Berufserfahrene-min-1200x708.jpg 1200w, https:\/\/gruppe.seeberger.de\/wp\/wp-content\/uploads\/2024\/04\/Einsteiger-und-Berufserfahrene-min-992x585.jpg 992w, https:\/\/gruppe.seeberger.de\/wp\/wp-content\/uploads\/2024\/04\/Einsteiger-und-Berufserfahrene-min-480x283.jpg 480w\" sizes=\"auto, (max-width: 2560px) 100vw, 2560px\" \/><div class=\"see_keyvisual-slider__item__overlay\"><\/div><div class=\"see_keyvisual-slider__item__content \"><div class=\"see_keyvisual-slider__item__content__inner\"><div class=\"see_keyvisual-slider__item__content__headlines\"><h1 class=\"see_keyvisual-slider__item__content__headline\">Karrierechancen bei Seeberger in Ulm und deutschlandweit<\/h1><\/div><\/div><\/div><\/div><\/div><\/div><\/div>[\/vc_column][\/vc_row][vc_row ppi_content_type=&#8220;ppi_content_width_medium&#8220; ppi_decoration_top=&#8220;left&#8220; ppi_decoration_top_color=&#8220;#B3D57C&#8220;][vc_column][vc_column_text]\r\n<h2 style=\"text-align: center\">Gemeinsam gestalten und\u00a0wachsen<\/h2>\r\n<p style=\"text-align: center\">Bei Seebeger sind wir eine starke Gemeinschaft, in der jede:r Einzelne z\u00e4hlt. Wir handeln aus einer festen \u00dcberzeugung heraus und motivieren unsere Mitarbeitenden jeden Tag, gemeinsam mit uns neue Wege zu gehen. Hier wird jede Stimme geh\u00f6rt, jede Idee gesch\u00e4tzt und die fachliche sowie die pers\u00f6nliche Entwicklung jeder Einzelnen und jedes Einzelnen gef\u00f6rdert. Unser Qualit\u00e4tsanspruch endet nicht bei unseren Produkten, sondern umfasst eine positive Arbeitskultur, die alle einbezieht. So gestalten wir gemeinsam unsere Zukunft, gepr\u00e4gt von Wertsch\u00e4tzung, Fortschritt und Fairness.<\/p>\r\n<p style=\"text-align: center\"><a class=\"button button--outline--primary\" href=\"https:\/\/gruppe.seeberger.de\/de\/karriere\/stellenangebote\/?karrierelevel=Berufserfahrene,Berufseinsteiger:innen\">Zum Karriereportal<\/a><\/p>\r\n[\/vc_column_text][\/vc_column][\/vc_row][vc_row ppi_row_type=&#8220;ppi_light_bg&#8220; ppi_content_type=&#8220;ppi_content_width_medium&#8220; full_width=&#8220;stretch_row&#8220;][vc_column][vc_column_text]\r\n<h2 style=\"text-align: center\">Karrierechancen bei Seeberger<\/h2>\r\n[\/vc_column_text]<div class=\"see_counter__wrapper\"><div class=\"swiper swiper-counter-slider swiper-69f069b48cd02\" data-swiperID=\"69f069b48cd02\"><div class=\"swiper-wrapper\"><div class=\"swiper-slide\">\n    <div class=\"see_counter\">\n        <div class=\"see_counter__element\">\n            <div class=\"see_counter__element__inner\">\n                <span class=\"see_counter__element__number\">\n                                            <span class=\"see_counter__element__number__prefix\">ca.<\/span>\n                                        <span class=\"see_counter__element__number__value\"\n                          data-target=\"1000\">0<\/span>\n                                        <\/span>\n                <h3 class=\"see_counter__element__description\">Mitarbeitende<\/h3>\n            <\/div>\n        <\/div>\n    <\/div>\n<\/div>\n<div class=\"swiper-slide\">\n    <div class=\"see_counter\">\n        <div class=\"see_counter__element\">\n            <div class=\"see_counter__element__inner\">\n                <span class=\"see_counter__element__number\">\n                                            <span class=\"see_counter__element__number__prefix\">><\/span>\n                                        <span class=\"see_counter__element__number__value\"\n                          data-target=\"30\">0<\/span>\n                                        <\/span>\n                <h3 class=\"see_counter__element__description\">Nationalit\u00e4ten <\/h3>\n            <\/div>\n        <\/div>\n    <\/div>\n<\/div>\n<div class=\"swiper-slide\">\n    <div class=\"see_counter\">\n        <div class=\"see_counter__element\">\n            <div class=\"see_counter__element__inner\">\n                <span class=\"see_counter__element__number\">\n                                        <span class=\"see_counter__element__number__value\"\n                          data-target=\"32\">0<\/span>\n                                                    <span class=\"see_counter__element__number__suffix\">%<\/span>\n                                        <\/span>\n                <h3 class=\"see_counter__element__description\">Frauen in F\u00fchrungspositionen<\/h3>\n            <\/div>\n        <\/div>\n    <\/div>\n<\/div>\n<\/div><\/div><div class=\"swiper-pagination\"><\/div><\/div>[\/vc_column][\/vc_row][vc_row ppi_content_type=&#8220;ppi_content_width_small&#8220; ppi_decoration_top=&#8220;right&#8220; ppi_decoration_top_color=&#8220;#82113C&#8220;][vc_column]<div class=\"see_image \"><figure><img loading=\"lazy\" decoding=\"async\" width=\"1000\" height=\"667\" src=\"https:\/\/gruppe.seeberger.de\/wp\/wp-content\/uploads\/2024\/05\/Seeberger-Gruppe-Direkteinstieg_\u00a9Nils-Hasenau.jpg\" class=\"attachment-see-lg size-see-lg\" alt=\"Zwei Personen arbeiten gemeinsam an einem Laptop in einem modernen B\u00fcro.\" srcset=\"https:\/\/gruppe.seeberger.de\/wp\/wp-content\/uploads\/2024\/05\/Seeberger-Gruppe-Direkteinstieg_\u00a9Nils-Hasenau.jpg 1000w, https:\/\/gruppe.seeberger.de\/wp\/wp-content\/uploads\/2024\/05\/Seeberger-Gruppe-Direkteinstieg_\u00a9Nils-Hasenau-300x200.jpg 300w, https:\/\/gruppe.seeberger.de\/wp\/wp-content\/uploads\/2024\/05\/Seeberger-Gruppe-Direkteinstieg_\u00a9Nils-Hasenau-768x512.jpg 768w, https:\/\/gruppe.seeberger.de\/wp\/wp-content\/uploads\/2024\/05\/Seeberger-Gruppe-Direkteinstieg_\u00a9Nils-Hasenau-992x662.jpg 992w, https:\/\/gruppe.seeberger.de\/wp\/wp-content\/uploads\/2024\/05\/Seeberger-Gruppe-Direkteinstieg_\u00a9Nils-Hasenau-480x320.jpg 480w\" sizes=\"auto, (max-width: 1000px) 100vw, 1000px\" \/><\/figure><\/div><div class=\"ppi_spacer\" style=\"height: 50px\"><\/div>[vc_column_text]\r\n<h2 style=\"text-align: center\">Ob im Marketing, im Lebensmittellabor oder in der Technik &#8211; wir haben das Passende f\u00fcr jede Karrierestufe<\/h2>\r\n<p style=\"text-align: center\">Ob jemand gerade die Ausbildung beendet hat, frisch von der Universit\u00e4t kommt oder eine F\u00fclle an Erfahrung mitbringt &#8211; bei Seeberger bieten wir vielf\u00e4ltige M\u00f6glichkeiten.<\/p>\r\n<p style=\"text-align: center\"><span style=\"font-weight: 400\">Derzeit besch\u00e4ftigen wir rund 1.000 Mitarbeitende <\/span><span style=\"font-weight: 400\">in unterschiedlichen Unternehmensbereichen<\/span><span style=\"font-weight: 400\">, die sich kontinuierlich und engagiert f\u00fcr die Verbesserung und h\u00f6chste Qualit\u00e4t unserer Naturprodukte einsetzen. Ob Vertriebler:in, Betriebstechniker:in oder Nachhaltigkeitsmanager:in &#8211; bei uns findet jede:r die Stelle, die genau passt. Auf dem jeweiligen Gebiet \u00fcbertragen wir von Anfang an <\/span><span style=\"font-weight: 400\">Verantwortung <\/span><span style=\"font-weight: 400\">und <\/span><span style=\"font-weight: 400\">unsere Mitarbeitenden haben<\/span><span style=\"font-weight: 400\"> vom ersten Tag an die Chance, eigene F\u00e4higkeiten einzubringen und auszubauen. Dabei unterst\u00fctzen wir unsere Mitarbeitenden, indem wir ihnen Einblicke in alle relevanten Themen und Arbeitsbereiche geben und mit Kolleg:innen in Kontakt bringen.\u00a0<\/span><\/p>\r\n<p style=\"text-align: center\"><span style=\"font-weight: 400\">Wir legen gro\u00dfen Wert auf individuelle Weiterentwicklung und bieten vielf\u00e4ltige Programme f\u00fcr fachliches und pers\u00f6nliches Wachstum. Mit unserem Mitarbeitendenprogramm \u201cSeeberger Family\u201d und einer Kultur, die das Wohlergehen jede:r Einzelnen im Blick hat, unterst\u00fctzen wir unsere Mitarbeitenden<\/span> <span style=\"font-weight: 400\">dabei, ihre beruflichen Ziele zu erreichen.<\/span><\/p>\r\n[\/vc_column_text][\/vc_column][\/vc_row][vc_row ppi_row_type=&#8220;ppi_light_bg&#8220; ppi_content_type=&#8220;ppi_content_width_small&#8220; full_width=&#8220;stretch_row&#8220; ppi_decoration_top=&#8220;left&#8220; ppi_decoration_top_color=&#8220;#FF9B00&#8243; ppi_decoration_top_angle=&#8220;descending&#8220; ppi_decoration_bottom=&#8220;right&#8220; ppi_decoration_bottom_color=&#8220;#49190B&#8220;][vc_column][vc_column_text]\r\n<h2 style=\"text-align: center\">Bei uns gibt es Jobs in der Technik in Ulm, Jobs in Vollzeit und Teilzeit, Jobs f\u00fcr F\u00fchrungskr\u00e4fte bis hin zu Jobs im Au\u00dfendienst<\/h2>\r\n[\/vc_column_text][\/vc_column][\/vc_row][vc_row ppi_row_type=&#8220;ppi_light_bg&#8220; ppi_row_padding=&#8220;ppi_remove_padding_top&#8220; full_width=&#8220;stretch_row_content_no_spaces&#8220;][vc_column]\n        <div class=\"jobs__list\" data-target-group=\"Alle\" data-jobs-count=\"5\">\n            <div class=\"jobs__list__search__wrapper\">\n                <label for=\"search-jobs\">\n                    <span class=\"screen-reader-text\">Stellen durchsuchen:<\/span>\n                    <input type=\"search\" id=\"search-jobs\" class=\"jobs__list__search\" placeholder=\"Stellen durchsuchen\">\n                <\/label>\n                <span role=\"presentation\" class=\"icon--search\"><\/span>\n            <\/div>\n\n            <ul class=\"jobs__list__filters\" aria-label=\"Suchfilter\">\n                <li class=\"jobs__list__filter\" >\n                    <button class=\"jobs__list__dropdown__toggle\" aria-haspopup=\"true\" aria-expanded=\"false\" aria-controls=\"filter-company-names\" aria-label=\"Filter f\u00fcr Firma ein-\/ausblenden\">Firma<\/button>\n                     <ul id=\"filter-company-names\" class=\"jobs__list__company_names jobs__list__dropdown\" role=\"menu\" aria-hidden=\"true\"><li role=\"menuitem\" tabindex=\"0\" data-value=\"Seeberger GmbH\" class=\"jobs__list__dropdown__item\">Seeberger GmbH<\/li><li role=\"menuitem\" tabindex=\"0\" data-value=\"Seeberger Genusswelt GmbH\" class=\"jobs__list__dropdown__item\">Seeberger Genusswelt GmbH<\/li><li role=\"menuitem\" tabindex=\"0\" data-value=\"Seeberger Professional GmbH\" class=\"jobs__list__dropdown__item\">Seeberger Professional GmbH<\/li><\/ul>                <\/li>\n                <li class=\"jobs__list__filter\">\n                    <button class=\"jobs__list__dropdown__toggle\" aria-haspopup=\"true\" aria-expanded=\"false\" aria-controls=\"filter-locations\" aria-label=\"Filter f\u00fcr Standort ein-\/ausblenden\">Standort<\/button>\n                     <ul id=\"filter-locations\" class=\"jobs__list__locations jobs__list__dropdown\" role=\"menu\" aria-hidden=\"true\"><li role=\"menuitem\" tabindex=\"0\" data-value=\"Ulm\" class=\"jobs__list__dropdown__item\">Ulm<\/li><\/ul>                <\/li>\n                <li class=\"jobs__list__filter\">\n                    <button class=\"jobs__list__dropdown__toggle\" aria-haspopup=\"true\" aria-expanded=\"false\" aria-controls=\"filter-categories\" aria-label=\"Filter f\u00fcr T\u00e4tigkeitsfeld ein-\/ausblenden\">T\u00e4tigkeitsfeld<\/button>\n                     <ul id=\"filter-categories\" class=\"jobs__list__categories jobs__list__dropdown\" role=\"menu\" aria-hidden=\"true\"><li role=\"menuitem\" tabindex=\"0\" data-value=\"Jobs in Produktion\/Logistik\/Technik\"  class=\"jobs__list__dropdown__item\">Jobs in Produktion\/Logistik\/Technik<\/li><li role=\"menuitem\" tabindex=\"0\" data-value=\"Jobs im B\u00fcro\"  class=\"jobs__list__dropdown__item\">Jobs im B\u00fcro<\/li><li role=\"menuitem\" tabindex=\"0\" data-value=\"Jobs in der Gastro\"  class=\"jobs__list__dropdown__item\">Jobs in der Gastro<\/li><\/ul>                <\/li>\n                <li class=\"jobs__list__filter\">\n                    <button class=\"jobs__list__dropdown__toggle\" aria-haspopup=\"true\" aria-expanded=\"false\" aria-controls=\"filter-target-group\" aria-label=\"Filter f\u00fcr Karrierelevel ein-\/ausblenden\">Karrierelevel<\/button>\n                    <ul id=\"filter-target-group\" class=\"jobs__list__targetGroup jobs__list__dropdown\" role=\"menu\" aria-hidden=\"true\"><li role=\"menuitem\" tabindex=\"0\" data-value=\"Berufserfahrene\" class=\"jobs__list__dropdown__item\">Berufserfahrene<\/li><li role=\"menuitem\" tabindex=\"0\" data-value=\"Sch\u00fcler:innen & Studierende\" class=\"jobs__list__dropdown__item\">Sch\u00fcler:innen & Studierende<\/li><li role=\"menuitem\" tabindex=\"0\" data-value=\"Berufseinsteiger:innen\" class=\"jobs__list__dropdown__item\">Berufseinsteiger:innen<\/li><li role=\"menuitem\" tabindex=\"0\" data-value=\"Sonstige\" class=\"jobs__list__dropdown__item\">Sonstige<\/li><li role=\"menuitem\" tabindex=\"0\" data-value=\"F\u00fchrungsposition\" class=\"jobs__list__dropdown__item\">F\u00fchrungsposition<\/li><\/ul>                <\/li>\n                <li class=\"jobs__list__filter\">\n                    <button class=\"jobs__list__dropdown__toggle\" aria-haspopup=\"true\" aria-expanded=\"false\" aria-controls=\"filter-working-time\" aria-label=\"Filter f\u00fcr Arbeitszeit ein-\/ausblenden\">Arbeitszeit<\/button>\n                     <ul id=\"filter-working-time\" class=\"jobs__list__workingTime jobs__list__dropdown\" role=\"menu\" aria-hidden=\"true\"><li role=\"menuitem\" tabindex=\"0\" data-value=\"Vollzeit\" class=\"jobs__list__dropdown__item\">Vollzeit<\/li><li role=\"menuitem\" tabindex=\"0\" data-value=\"Teilzeit\" class=\"jobs__list__dropdown__item\">Teilzeit<\/li><li role=\"menuitem\" tabindex=\"0\" data-value=\"Geringf\u00fcgig besch\u00e4ftigt\" class=\"jobs__list__dropdown__item\">Geringf\u00fcgig besch\u00e4ftigt<\/li><\/ul>                <\/li>\n            <\/ul>\n\n            <button class=\"jobs__list__reset-button hidden\" tabindex=\"-1\">Alles zur\u00fccksetzen<\/button>\n\n            <div aria-live=\"polite\">\n                <ul class=\"jobs__list__jobs\" aria-label=\"Suchergebnisse\" role=\"listbox\"><li class=\"jobs__list__job visible\"><a href=\"https:\/\/seeberger.dvinci.de\/de\/p\/2024\/jobs\/60732\/koch-mwd\" target=\"_blank\" class=\"jobs__list__job__link\" role=\"option\" data-company-name=\"Seeberger Genusswelt GmbH\" data-location=\"Ulm\" data-category=\"Jobs in der Gastro\" data-target-group=\"Berufserfahrene\" data-working-time=\"Vollzeit, Teilzeit\"><h3 class=\"jobs__list__job__title h5\">Koch (m\/w\/d)<\/h3><p><span>Seeberger Genusswelt GmbH<\/span><span>Ulm<\/span><span>Jobs in der Gastro<\/span> <span>Berufserfahrene<\/span><span>Vollzeit, Teilzeit<\/span><\/p><\/a><\/li><li class=\"jobs__list__job visible\"><a href=\"https:\/\/seeberger.dvinci.de\/de\/p\/2024\/jobs\/60943\/ausbildung-mechatroniker-mwd\" target=\"_blank\" class=\"jobs__list__job__link\" role=\"option\" data-company-name=\"Seeberger GmbH\" data-location=\"Ulm\" data-category=\"Jobs in Produktion\/Logistik\/Technik\" data-target-group=\"Sch\u00fcler:innen & Studierende\" data-working-time=\"Vollzeit\"><h3 class=\"jobs__list__job__title h5\">Ausbildung Mechatroniker (m\/w\/d)<\/h3><p><span>Seeberger GmbH<\/span><span>Ulm<\/span><span>Jobs in Produktion\/Logistik\/Technik<\/span> <span>Sch\u00fcler:innen & Studierende<\/span><span>Vollzeit<\/span><\/p><\/a><\/li><li class=\"jobs__list__job visible\"><a href=\"https:\/\/seeberger.dvinci.de\/de\/p\/2024\/jobs\/60944\/ausbildung-elektroniker-fur-betriebstechnik-mwd\" target=\"_blank\" class=\"jobs__list__job__link\" role=\"option\" data-company-name=\"Seeberger GmbH\" data-location=\"Ulm\" data-category=\"Jobs in Produktion\/Logistik\/Technik\" data-target-group=\"Sch\u00fcler:innen & Studierende\" data-working-time=\"Vollzeit\"><h3 class=\"jobs__list__job__title h5\">Ausbildung Elektroniker f\u00fcr Betriebstechnik (m\/w\/d)<\/h3><p><span>Seeberger GmbH<\/span><span>Ulm<\/span><span>Jobs in Produktion\/Logistik\/Technik<\/span> <span>Sch\u00fcler:innen & Studierende<\/span><span>Vollzeit<\/span><\/p><\/a><\/li><li class=\"jobs__list__job visible\"><a href=\"https:\/\/seeberger.dvinci.de\/de\/p\/2024\/jobs\/60946\/ausbildung-maschinen-und-anlagenfuhrer-mwd\" target=\"_blank\" class=\"jobs__list__job__link\" role=\"option\" data-company-name=\"Seeberger GmbH\" data-location=\"Ulm\" data-category=\"Jobs in Produktion\/Logistik\/Technik\" data-target-group=\"Sch\u00fcler:innen & Studierende\" data-working-time=\"Vollzeit\"><h3 class=\"jobs__list__job__title h5\">Ausbildung Maschinen- und Anlagenf\u00fchrer (m\/w\/d)<\/h3><p><span>Seeberger GmbH<\/span><span>Ulm<\/span><span>Jobs in Produktion\/Logistik\/Technik<\/span> <span>Sch\u00fcler:innen & Studierende<\/span><span>Vollzeit<\/span><\/p><\/a><\/li><li class=\"jobs__list__job visible\"><a href=\"https:\/\/seeberger.dvinci.de\/de\/p\/2024\/jobs\/60955\/ferienarbeiter-mwd\" target=\"_blank\" class=\"jobs__list__job__link\" role=\"option\" data-company-name=\"Seeberger GmbH\" data-location=\"Ulm\" data-category=\"Jobs in Produktion\/Logistik\/Technik\" data-target-group=\"Sch\u00fcler:innen & Studierende\" data-working-time=\"Vollzeit\"><h3 class=\"jobs__list__job__title h5\">Ferienarbeiter (m\/w\/d)<\/h3><p><span>Seeberger GmbH<\/span><span>Ulm<\/span><span>Jobs in Produktion\/Logistik\/Technik<\/span> <span>Sch\u00fcler:innen & Studierende<\/span><span>Vollzeit<\/span><\/p><\/a><\/li><li class=\"jobs__list__job \"><a href=\"https:\/\/seeberger.dvinci.de\/de\/p\/2024\/jobs\/60964\/fachkraft-fur-lagerlogistik-mwd\" target=\"_blank\" class=\"jobs__list__job__link\" role=\"option\" data-company-name=\"Seeberger GmbH\" data-location=\"Ulm\" data-category=\"Jobs in Produktion\/Logistik\/Technik\" data-target-group=\"Berufserfahrene, Berufseinsteiger:innen\" data-working-time=\"Vollzeit\"><h3 class=\"jobs__list__job__title h5\">Fachkraft f\u00fcr Lagerlogistik (m\/w\/d)<\/h3><p><span>Seeberger GmbH<\/span><span>Ulm<\/span><span>Jobs in Produktion\/Logistik\/Technik<\/span> <span>Berufserfahrene, Berufseinsteiger:innen<\/span><span>Vollzeit<\/span><\/p><\/a><\/li><li class=\"jobs__list__job \"><a href=\"https:\/\/seeberger.dvinci.de\/de\/p\/2024\/jobs\/60975\/ausbildung-suwarentechnologe-mwd\" target=\"_blank\" class=\"jobs__list__job__link\" role=\"option\" data-company-name=\"Seeberger GmbH\" data-location=\"Ulm\" data-category=\"Jobs in Produktion\/Logistik\/Technik\" data-target-group=\"Sch\u00fcler:innen & Studierende\" data-working-time=\"Vollzeit\"><h3 class=\"jobs__list__job__title h5\">Ausbildung S\u00fc\u00dfwarentechnologe (m\/w\/d)<\/h3><p><span>Seeberger GmbH<\/span><span>Ulm<\/span><span>Jobs in Produktion\/Logistik\/Technik<\/span> <span>Sch\u00fcler:innen & Studierende<\/span><span>Vollzeit<\/span><\/p><\/a><\/li><li class=\"jobs__list__job \"><a href=\"https:\/\/seeberger.dvinci.de\/de\/p\/2024\/jobs\/60981\/mitarbeitende-betriebsbereich-mwd-unterstutzung-fur-unser-gebaudemanagement\" target=\"_blank\" class=\"jobs__list__job__link\" role=\"option\" data-company-name=\"Seeberger Genusswelt GmbH\" data-location=\"Ulm\" data-category=\"Jobs in der Gastro\" data-target-group=\"Berufserfahrene\" data-working-time=\"Geringf\u00fcgig besch\u00e4ftigt\"><h3 class=\"jobs__list__job__title h5\">Mitarbeitende Betriebsbereich (m\/w\/d) Unterst\u00fctzung f\u00fcr unser Geb\u00e4udemanagement<\/h3><p><span>Seeberger Genusswelt GmbH<\/span><span>Ulm<\/span><span>Jobs in der Gastro<\/span> <span>Berufserfahrene<\/span><span>Geringf\u00fcgig besch\u00e4ftigt<\/span><\/p><\/a><\/li><li class=\"jobs__list__job \"><a href=\"https:\/\/seeberger.dvinci.de\/de\/p\/2024\/jobs\/60738\/thekenkraft-mwd\" target=\"_blank\" class=\"jobs__list__job__link\" role=\"option\" data-company-name=\"Seeberger Genusswelt GmbH\" data-location=\"Ulm\" data-category=\"Jobs in der Gastro\" data-target-group=\"Berufserfahrene, Berufseinsteiger:innen\" data-working-time=\"Vollzeit, Teilzeit\"><h3 class=\"jobs__list__job__title h5\">Thekenkraft (m\/w\/d)<\/h3><p><span>Seeberger Genusswelt GmbH<\/span><span>Ulm<\/span><span>Jobs in der Gastro<\/span> <span>Berufserfahrene, Berufseinsteiger:innen<\/span><span>Vollzeit, Teilzeit<\/span><\/p><\/a><\/li><li class=\"jobs__list__job \"><a href=\"https:\/\/seeberger.dvinci.de\/de\/p\/2024\/jobs\/60986\/sachbearbeiter-mwd-vertriebsinnendienst\" target=\"_blank\" class=\"jobs__list__job__link\" role=\"option\" data-company-name=\"Seeberger Professional GmbH\" data-location=\"Ulm\" data-category=\"Jobs im B\u00fcro\" data-target-group=\"Berufserfahrene, Berufseinsteiger:innen\" data-working-time=\"Vollzeit\"><h3 class=\"jobs__list__job__title h5\">Sachbearbeiter (m\/w\/d) Vertriebsinnendienst<\/h3><p><span>Seeberger Professional GmbH<\/span><span>Ulm<\/span><span>Jobs im B\u00fcro<\/span> <span>Berufserfahrene, Berufseinsteiger:innen<\/span><span>Vollzeit<\/span><\/p><\/a><\/li><li class=\"jobs__list__job \"><a href=\"https:\/\/seeberger.dvinci.de\/de\/p\/2024\/jobs\/60988\/mitarbeiter-lagerleitstand-mwd\" target=\"_blank\" class=\"jobs__list__job__link\" role=\"option\" data-company-name=\"Seeberger GmbH\" data-location=\"Ulm\" data-category=\"Jobs in Produktion\/Logistik\/Technik\" data-target-group=\"Berufserfahrene\" data-working-time=\"Vollzeit\"><h3 class=\"jobs__list__job__title h5\">Mitarbeiter Lagerleitstand (m\/w\/d)<\/h3><p><span>Seeberger GmbH<\/span><span>Ulm<\/span><span>Jobs in Produktion\/Logistik\/Technik<\/span> <span>Berufserfahrene<\/span><span>Vollzeit<\/span><\/p><\/a><\/li><li class=\"jobs__list__job \"><a href=\"https:\/\/seeberger.dvinci.de\/de\/p\/2024\/jobs\/60990\/mitarbeiter-mwd-kundenvertragsmanagement\" target=\"_blank\" class=\"jobs__list__job__link\" role=\"option\" data-company-name=\"Seeberger Professional GmbH\" data-location=\"Ulm\" data-category=\"Jobs im B\u00fcro\" data-target-group=\"Berufserfahrene, Berufseinsteiger:innen\" data-working-time=\"Vollzeit\"><h3 class=\"jobs__list__job__title h5\">Mitarbeiter (m\/w\/d) Kundenvertragsmanagement<\/h3><p><span>Seeberger Professional GmbH<\/span><span>Ulm<\/span><span>Jobs im B\u00fcro<\/span> <span>Berufserfahrene, Berufseinsteiger:innen<\/span><span>Vollzeit<\/span><\/p><\/a><\/li><li class=\"jobs__list__job \"><a href=\"https:\/\/seeberger.dvinci.de\/de\/p\/2024\/jobs\/60991\/teamleiter-mwd-produktion-trockenfruchtsnacks\" target=\"_blank\" class=\"jobs__list__job__link\" role=\"option\" data-company-name=\"Seeberger GmbH\" data-location=\"Ulm\" data-category=\"Jobs in Produktion\/Logistik\/Technik\" data-target-group=\"F\u00fchrungsposition\" data-working-time=\"Vollzeit\"><h3 class=\"jobs__list__job__title h5\">Teamleiter (m\/w\/d)  Produktion Trockenfrucht\/Snacks<\/h3><p><span>Seeberger GmbH<\/span><span>Ulm<\/span><span>Jobs in Produktion\/Logistik\/Technik<\/span> <span>F\u00fchrungsposition<\/span><span>Vollzeit<\/span><\/p><\/a><\/li><li class=\"jobs__list__job \"><a href=\"https:\/\/seeberger.dvinci.de\/de\/p\/2024\/jobs\/60999\/schichtfuhrer-mwd-kommissionierung-verladung\" target=\"_blank\" class=\"jobs__list__job__link\" role=\"option\" data-company-name=\"Seeberger GmbH\" data-location=\"Ulm\" data-category=\"Jobs in Produktion\/Logistik\/Technik\" data-target-group=\"F\u00fchrungsposition\" data-working-time=\"Vollzeit\"><h3 class=\"jobs__list__job__title h5\">Schichtf\u00fchrer (m\/w\/d) Kommissionierung & Verladung<\/h3><p><span>Seeberger GmbH<\/span><span>Ulm<\/span><span>Jobs in Produktion\/Logistik\/Technik<\/span> <span>F\u00fchrungsposition<\/span><span>Vollzeit<\/span><\/p><\/a><\/li><li class=\"jobs__list__job \"><a href=\"https:\/\/seeberger.dvinci.de\/de\/p\/2024\/jobs\/61003\/mitarbeiter-mwd-displaypackerei\" target=\"_blank\" class=\"jobs__list__job__link\" role=\"option\" data-company-name=\"Seeberger GmbH\" data-location=\"Ulm\" data-category=\"Jobs in Produktion\/Logistik\/Technik\" data-target-group=\"Berufserfahrene, Sonstige, Berufseinsteiger:innen\" data-working-time=\"Vollzeit\"><h3 class=\"jobs__list__job__title h5\">Mitarbeiter (m\/w\/d) Displaypackerei<\/h3><p><span>Seeberger GmbH<\/span><span>Ulm<\/span><span>Jobs in Produktion\/Logistik\/Technik<\/span> <span>Berufserfahrene, Sonstige, Berufseinsteiger:innen<\/span><span>Vollzeit<\/span><\/p><\/a><\/li><li class=\"jobs__list__job \"><a href=\"https:\/\/seeberger.dvinci.de\/de\/p\/2024\/jobs\/61006\/assistenz-leitung-produktion-trockenfruchtsnacks-mwd\" target=\"_blank\" class=\"jobs__list__job__link\" role=\"option\" data-company-name=\"Seeberger GmbH\" data-location=\"Ulm\" data-category=\"Jobs in Produktion\/Logistik\/Technik\" data-target-group=\"Berufserfahrene\" data-working-time=\"Vollzeit\"><h3 class=\"jobs__list__job__title h5\">Assistenz Leitung Produktion Trockenfrucht\/Snacks (m\/w\/d)<\/h3><p><span>Seeberger GmbH<\/span><span>Ulm<\/span><span>Jobs in Produktion\/Logistik\/Technik<\/span> <span>Berufserfahrene<\/span><span>Vollzeit<\/span><\/p><\/a><\/li><li class=\"jobs__list__job \"><a href=\"https:\/\/seeberger.dvinci.de\/de\/p\/2024\/jobs\/61005\/operations-manager-gastronomie-mwd-in-ulm-seeberger-genusswelt-gmbh\" target=\"_blank\" class=\"jobs__list__job__link\" role=\"option\" data-company-name=\"Seeberger Genusswelt GmbH\" data-location=\"Ulm\" data-category=\"Jobs im B\u00fcro, Jobs in der Gastro\" data-target-group=\"Berufserfahrene, F\u00fchrungsposition\" data-working-time=\"Vollzeit\"><h3 class=\"jobs__list__job__title h5\">Operations Manager Gastronomie (m\/w\/d) in Ulm \u2013 Seeberger Genusswelt GmbH<\/h3><p><span>Seeberger Genusswelt GmbH<\/span><span>Ulm<\/span><span>Jobs im B\u00fcro, Jobs in der Gastro<\/span> <span>Berufserfahrene, F\u00fchrungsposition<\/span><span>Vollzeit<\/span><\/p><\/a><\/li><li class=\"jobs__list__job \"><a href=\"https:\/\/seeberger.dvinci.de\/de\/p\/2024\/jobs\/60889\/servicekraft-mwd-fur-unsere-gastronomischen-bereiche\" target=\"_blank\" class=\"jobs__list__job__link\" role=\"option\" data-company-name=\"Seeberger Genusswelt GmbH\" data-location=\"Ulm\" data-category=\"Jobs in der Gastro\" data-target-group=\"Berufserfahrene, Berufseinsteiger:innen\" data-working-time=\"Vollzeit, Teilzeit\"><h3 class=\"jobs__list__job__title h5\">Servicekraft (m\/w\/d) f\u00fcr unsere Gastronomischen Bereiche<\/h3><p><span>Seeberger Genusswelt GmbH<\/span><span>Ulm<\/span><span>Jobs in der Gastro<\/span> <span>Berufserfahrene, Berufseinsteiger:innen<\/span><span>Vollzeit, Teilzeit<\/span><\/p><\/a><\/li><li class=\"jobs__list__job \"><a href=\"https:\/\/seeberger.dvinci.de\/de\/p\/2024\/jobs\/61011\/controller-mwd\" target=\"_blank\" class=\"jobs__list__job__link\" role=\"option\" data-company-name=\"Seeberger GmbH\" data-location=\"Ulm\" data-category=\"Jobs im B\u00fcro\" data-target-group=\"Berufserfahrene\" data-working-time=\"Vollzeit\"><h3 class=\"jobs__list__job__title h5\">Controller (m\/w\/d)<\/h3><p><span>Seeberger GmbH<\/span><span>Ulm<\/span><span>Jobs im B\u00fcro<\/span> <span>Berufserfahrene<\/span><span>Vollzeit<\/span><\/p><\/a><\/li><li class=\"jobs__list__job \"><a href=\"https:\/\/seeberger.dvinci.de\/de\/p\/2024\/jobs\/61013\/junior-trade-marketing-manager-mwd\" target=\"_blank\" class=\"jobs__list__job__link\" role=\"option\" data-company-name=\"Seeberger GmbH\" data-location=\"Ulm\" data-category=\"Jobs im B\u00fcro\" data-target-group=\"Berufserfahrene, Berufseinsteiger:innen\" data-working-time=\"Vollzeit\"><h3 class=\"jobs__list__job__title h5\">Junior Trade Marketing Manager (m\/w\/d)<\/h3><p><span>Seeberger GmbH<\/span><span>Ulm<\/span><span>Jobs im B\u00fcro<\/span> <span>Berufserfahrene, Berufseinsteiger:innen<\/span><span>Vollzeit<\/span><\/p><\/a><\/li><li class=\"jobs__list__job \"><a href=\"https:\/\/seeberger.dvinci.de\/de\/p\/2024\/jobs\/61015\/mitarbeiter-reinigungsteam-mwd\" target=\"_blank\" class=\"jobs__list__job__link\" role=\"option\" data-company-name=\"Seeberger GmbH\" data-location=\"Ulm\" data-category=\"Jobs in Produktion\/Logistik\/Technik\" data-target-group=\"Sonstige\" data-working-time=\"Vollzeit\"><h3 class=\"jobs__list__job__title h5\">Mitarbeiter Reinigungsteam (m\/w\/d)<\/h3><p><span>Seeberger GmbH<\/span><span>Ulm<\/span><span>Jobs in Produktion\/Logistik\/Technik<\/span> <span>Sonstige<\/span><span>Vollzeit<\/span><\/p><\/a><\/li><li class=\"jobs__list__job \"><a href=\"https:\/\/seeberger.dvinci.de\/de\/p\/2024\/jobs\/61014\/mitarbeiter-einkauf-non-foodverpackung-mwd\" target=\"_blank\" class=\"jobs__list__job__link\" role=\"option\" data-company-name=\"Seeberger GmbH\" data-location=\"Ulm\" data-category=\"Jobs im B\u00fcro\" data-target-group=\"Berufserfahrene\" data-working-time=\"Vollzeit\"><h3 class=\"jobs__list__job__title h5\">Mitarbeiter Einkauf Non-Food\/Verpackung (m\/w\/d)<\/h3><p><span>Seeberger GmbH<\/span><span>Ulm<\/span><span>Jobs im B\u00fcro<\/span> <span>Berufserfahrene<\/span><span>Vollzeit<\/span><\/p><\/a><\/li><li class=\"jobs__list__job \"><a href=\"https:\/\/seeberger.dvinci.de\/de\/p\/2024\/jobs\/61016\/teamleiter-mwd-kundenvertragsmanagement\" target=\"_blank\" class=\"jobs__list__job__link\" role=\"option\" data-company-name=\"Seeberger Professional GmbH\" data-location=\"Ulm\" data-category=\"Jobs im B\u00fcro\" data-target-group=\"Berufserfahrene, F\u00fchrungsposition\" data-working-time=\"Vollzeit\"><h3 class=\"jobs__list__job__title h5\">Teamleiter (m\/w\/d) Kundenvertragsmanagement<\/h3><p><span>Seeberger Professional GmbH<\/span><span>Ulm<\/span><span>Jobs im B\u00fcro<\/span> <span>Berufserfahrene, F\u00fchrungsposition<\/span><span>Vollzeit<\/span><\/p><\/a><\/li><li class=\"jobs__list__job \"><a href=\"https:\/\/seeberger.dvinci.de\/de\/p\/2024\/jobs\/60997\/maschinen-und-anlagenfuhrer-mwd\" target=\"_blank\" class=\"jobs__list__job__link\" role=\"option\" data-company-name=\"Seeberger GmbH\" data-location=\"Ulm\" data-category=\"Jobs in Produktion\/Logistik\/Technik\" data-target-group=\"Berufserfahrene, Berufseinsteiger:innen\" data-working-time=\"Vollzeit\"><h3 class=\"jobs__list__job__title h5\">Maschinen- und Anlagenf\u00fchrer (m\/w\/d)<\/h3><p><span>Seeberger GmbH<\/span><span>Ulm<\/span><span>Jobs in Produktion\/Logistik\/Technik<\/span> <span>Berufserfahrene, Berufseinsteiger:innen<\/span><span>Vollzeit<\/span><\/p><\/a><\/li><li class=\"jobs__list__job \"><a href=\"https:\/\/seeberger.dvinci.de\/de\/p\/2024\/jobs\/61012\/werkstudent-mwd-im-bereich-controlling\" target=\"_blank\" class=\"jobs__list__job__link\" role=\"option\" data-company-name=\"Seeberger GmbH\" data-location=\"Ulm\" data-category=\"Jobs im B\u00fcro\" data-target-group=\"Sch\u00fcler:innen & Studierende\" data-working-time=\"Teilzeit\"><h3 class=\"jobs__list__job__title h5\">Werkstudent (m\/w\/d) im Bereich Controlling<\/h3><p><span>Seeberger GmbH<\/span><span>Ulm<\/span><span>Jobs im B\u00fcro<\/span> <span>Sch\u00fcler:innen & Studierende<\/span><span>Teilzeit<\/span><\/p><\/a><\/li><\/ul><div class=\"jobs__list__showMore visible\"><button>Mehr anzeigen<\/button><\/div><span class=\"h5 jobs__list__nothingFound\" aria-hidden=\"true\">Ihre Suche ergab leider keine Treffer<\/span>            <\/div>\n        <\/div>\n        [\/vc_column][\/vc_row][vc_row][vc_column][vc_column_text]\r\n<h2 style=\"text-align: center\">Unser Bewerbungsprozess Schritt f\u00fcr Schritt<\/h2>\r\n<h3 style=\"text-align: center\">F\u00fcr den Direkteinstieg<\/h3>\r\n[\/vc_column_text]<div class=\"see_icon_module\"><div class=\"see_icon_module-slider swiper swiper-icon-module-slider swiper-69f069b48effe\" data-swiperID=\"69f069b48effe\"><div class=\"swiper-wrapper\"><div class=\"see_icon_module__item swiper-slide\">\n            <div class=\"see_icon_module__item__image\">\n            <img loading=\"lazy\" decoding=\"async\" width=\"200\" height=\"260\" src=\"https:\/\/gruppe.seeberger.de\/wp\/wp-content\/uploads\/2024\/05\/Icon_Ursprungsreisen-Kopie.svg\" class=\"attachment-see-md size-see-md\" alt=\"Icon, das eine Aktentasche neben einer gr\u00fcnen Lupe darstellt.\" \/>        <\/div>\n        <div class=\"see_icon_module__item__description\">\n        <span class=\"h3\">Schritt 1: Die richtige Stelle finden<\/span>        <p>Die richtige Stelle in unserem Karriereportal finden und mit Klick auf den &quot;Bewerben&quot;-Button den Bewerbungsprozess starten.<\/p>            <\/div>\n<\/div>\n<div class=\"see_icon_module__item swiper-slide\">\n            <div class=\"see_icon_module__item__image\">\n            <img loading=\"lazy\" decoding=\"async\" width=\"200\" height=\"260\" src=\"https:\/\/gruppe.seeberger.de\/wp\/wp-content\/uploads\/2024\/05\/Icon_Bewerbungsprozess-Schritt2.svg\" class=\"attachment-see-md size-see-md\" alt=\"Icon, das eine Checkliste darstellt.\" \/>        <\/div>\n        <div class=\"see_icon_module__item__description\">\n        <span class=\"h3\">Schritt 2: Bewerbung \u00fcber unser Karriereportal \u00fcbermitteln<\/span>        <p>Das Bewerbungsformular ausf\u00fcllen und alle Unterlagen hochladen:\nMotivationsschreiben, Lebenslauf, Abschlusszeugnisse, Arbeitszeugnisse, Praktikazeugnisse etc.\nWeiterbildungen und Zusatzqualifikationen.<\/p>            <\/div>\n<\/div>\n<div class=\"see_icon_module__item swiper-slide\">\n            <div class=\"see_icon_module__item__image\">\n            <img loading=\"lazy\" decoding=\"async\" width=\"200\" height=\"260\" src=\"https:\/\/gruppe.seeberger.de\/wp\/wp-content\/uploads\/2024\/05\/Icon_Bewerbungsprozess-Schritt3.svg\" class=\"attachment-see-md size-see-md\" alt=\"Icon, das einen Aktenordner vor einer Uhr darstellt.\" \/>        <\/div>\n        <div class=\"see_icon_module__item__description\">\n        <span class=\"h3\">Schritt 3: Bewerbungseingang und Auswahlverfahren<\/span>        <p>Wir pr\u00fcfen jede Bewerbung individuell. Dieser Prozess kann bis zu vier Wochen dauern.<\/p>            <\/div>\n<\/div>\n<div class=\"see_icon_module__item swiper-slide\">\n            <div class=\"see_icon_module__item__image\">\n            <img loading=\"lazy\" decoding=\"async\" width=\"200\" height=\"260\" src=\"https:\/\/gruppe.seeberger.de\/wp\/wp-content\/uploads\/2024\/05\/Icon_Bewerbungsprozess-Schritt4.svg\" class=\"attachment-see-md size-see-md\" alt=\"Icon, das ein H\u00e4ndesch\u00fctteln zweier H\u00e4nde darstellt.\" \/>        <\/div>\n        <div class=\"see_icon_module__item__description\">\n        <span class=\"h3\">Schritt 4: Kennenlernen<\/span>        <p>Hat uns die Bewerbung \u00fcberzeugt, laden wir zu einem ersten Kennenlernen mit der zust\u00e4ndigen F\u00fchrungskraft ein. \nIn einem weiteren Termin folgt ein pers\u00f6nliches Gespr\u00e4ch mit dem Fachbereich und der Personalabteilung.\u00a0\nJe nach Position folgt nach dem zweiten Gespr\u00e4ch die Einladung zur Probearbeit.<\/p>            <\/div>\n<\/div>\n<div class=\"see_icon_module__item swiper-slide\">\n            <div class=\"see_icon_module__item__image\">\n            <img loading=\"lazy\" decoding=\"async\" width=\"200\" height=\"260\" src=\"https:\/\/gruppe.seeberger.de\/wp\/wp-content\/uploads\/2024\/05\/Icon_Bewerbungsprozess-Schritt5.svg\" class=\"attachment-see-md size-see-md\" alt=\"Daumen Hoch Icon mit einem gr\u00fcnen Haken daneben.\" \/>        <\/div>\n        <div class=\"see_icon_module__item__description\">\n        <span class=\"h3\">Schritt 5: Zusage<\/span>        <p>Wenn die Chemie stimmt und wir begeistert sind, schicken wir Unterlagen und Informationen rechtzeitig f\u00fcr den Start bei Seeberger.<\/p>            <\/div>\n<\/div>\n<div class=\"see_icon_module__item swiper-slide\">\n            <div class=\"see_icon_module__item__image\">\n            <img loading=\"lazy\" decoding=\"async\" width=\"200\" height=\"260\" src=\"https:\/\/gruppe.seeberger.de\/wp\/wp-content\/uploads\/2024\/05\/Icon_Bewerbungsprozess-Schritt6.svg\" class=\"attachment-see-md size-see-md\" alt=\"Icon, das drei Personen unter einem gr\u00fcnen Herz darstellt, in dem zwei Bl\u00e4tter sind.\" \/>        <\/div>\n        <div class=\"see_icon_module__item__description\">\n        <span class=\"h3\">Schritt 6: Willkommen bei Seeberger<\/span>        <p>Unser Welcome Day im Haus zum Kennenlernen von Seeberger durch verschiedene Workshops und erster Austausch mit neuen Kolleg:innen.<\/p>            <\/div>\n<\/div>\n<\/div><\/div><div class=\"swiper-pagination\"><\/div><\/div>[\/vc_column][\/vc_row][vc_row ppi_row_type=&#8220;ppi_light_bg&#8220; ppi_content_type=&#8220;ppi_content_width_medium&#8220; full_width=&#8220;stretch_row_content_no_spaces&#8220;][vc_column][vc_column_text]\r\n<h2 style=\"text-align: center\">Bei allen Fragen zum Thema Direkteinstieg steht unser HR-Team zur Verf\u00fcgung:<\/h2>\r\n[\/vc_column_text]<div class=\"see_contact text-under-image\">\n            <div class=\"see_contact__image\"><div class=\"see_contact__image__wrap\"><img loading=\"lazy\" decoding=\"async\" width=\"992\" height=\"1394\" src=\"https:\/\/gruppe.seeberger.de\/wp\/wp-content\/uploads\/2026\/04\/968dbc00-ab93-4ae9-a31f-f7500e0d5730-1-992x1394.jpg\" class=\"attachment-see-md\" alt=\"\" title=\"968dbc00-ab93-4ae9-a31f-f7500e0d5730\" srcset=\"https:\/\/gruppe.seeberger.de\/wp\/wp-content\/uploads\/2026\/04\/968dbc00-ab93-4ae9-a31f-f7500e0d5730-1-992x1394.jpg 992w, https:\/\/gruppe.seeberger.de\/wp\/wp-content\/uploads\/2026\/04\/968dbc00-ab93-4ae9-a31f-f7500e0d5730-1-213x300.jpg 213w, https:\/\/gruppe.seeberger.de\/wp\/wp-content\/uploads\/2026\/04\/968dbc00-ab93-4ae9-a31f-f7500e0d5730-1-729x1024.jpg 729w, https:\/\/gruppe.seeberger.de\/wp\/wp-content\/uploads\/2026\/04\/968dbc00-ab93-4ae9-a31f-f7500e0d5730-1-768x1079.jpg 768w, https:\/\/gruppe.seeberger.de\/wp\/wp-content\/uploads\/2026\/04\/968dbc00-ab93-4ae9-a31f-f7500e0d5730-1-480x675.jpg 480w, https:\/\/gruppe.seeberger.de\/wp\/wp-content\/uploads\/2026\/04\/968dbc00-ab93-4ae9-a31f-f7500e0d5730-1.jpg 1117w\" sizes=\"auto, (max-width: 992px) 100vw, 992px\" \/><\/div><\/div>\n        <div class=\"see_contact__content\">\n                            <span class=\"see_contact__content__name \">Annika Morlok, HR Referentin Recruiting &amp; Personalentwicklung<\/span>\n                                    <a href=\"mailto:karriere@seeberger.de\" class=\"see_contact__content__mail\">karriere@seeberger.de<\/a>\n                            <a href=\"tel:+49 731 4093-0\" class=\"see_contact__content__phone\">Tel. +49 731 4093-0<\/a>\n            <\/div>\n<\/div>\n\n[\/vc_column][\/vc_row]<\/div>","protected":false},"excerpt":{"rendered":"[vc_row ppi_row_padding=&#8220;ppi_remove_padding_top&#8220; full_width=&#8220;stretch_row_content_no_spaces&#8220;][vc_column][\/vc_column][\/vc_row][vc_row ppi_content_type=&#8220;ppi_content_width_medium&#8220; ppi_decoration_top=&#8220;left&#8220; ppi_decoration_top_color=&#8220;#B3D57C&#8220;][vc_column][vc_column_text] Gemeinsam gestalten und\u00a0wachsen Bei Seebeger sind wir eine starke Gemeinschaft, in der jede:r Einzelne z\u00e4hlt. Wir handeln aus einer festen \u00dcberzeugung heraus und motivieren unsere Mitarbeitenden jeden Tag, gemeinsam mit uns neue Wege zu gehen. Hier wird jede Stimme geh\u00f6rt, jede Idee gesch\u00e4tzt und die fachliche sowie die pers\u00f6nliche [&hellip;]","protected":false},"author":6,"featured_media":0,"parent":285,"menu_order":0,"comment_status":"closed","ping_status":"closed","template":"","meta":{"_acf_changed":false,"inline_featured_image":false,"footnotes":""},"class_list":["post-287","page","type-page","status-publish","hentry"],"acf":[],"yoast_head":"<!-- This site is optimized with the Yoast SEO plugin v27.2 - https:\/\/yoast.com\/product\/yoast-seo-wordpress\/ -->\n<title>Jetzt Teil der Seeberger Gruppe werden I Jobs f\u00fcr Berufseinsteiger und erfahrene Fachkr\u00e4fte in Ulm<\/title>\n<meta name=\"description\" content=\"Egal ob Teilzeit oder Vollzeit, im Au\u00dfendienst oder vor Ort in Ulm, ob Personalwesen, internationaler Vertrieb oder modernste Betriebstechnik: Wir bieten vielf\u00e4ltige Karrierem\u00f6glichkeiten bei Seeberger f\u00fcr Einsteiger, erfahrene Fachkr\u00e4fte und F\u00fchrungskr\u00e4fte\" \/>\n<meta name=\"robots\" content=\"index, follow, max-snippet:-1, max-image-preview:large, max-video-preview:-1\" \/>\n<link rel=\"canonical\" href=\"https:\/\/gruppe.seeberger.de\/de\/karriere\/jobs-in-ulm\/\" \/>\n<meta property=\"og:locale\" content=\"de_DE\" \/>\n<meta property=\"og:type\" content=\"article\" \/>\n<meta property=\"og:title\" content=\"Jetzt Teil der Seeberger Gruppe werden I Jobs f\u00fcr Berufseinsteiger und erfahrene Fachkr\u00e4fte in Ulm\" \/>\n<meta property=\"og:description\" content=\"Egal ob Teilzeit oder Vollzeit, im Au\u00dfendienst oder vor Ort in Ulm, ob Personalwesen, internationaler Vertrieb oder modernste Betriebstechnik: Wir bieten vielf\u00e4ltige Karrierem\u00f6glichkeiten bei Seeberger f\u00fcr Einsteiger, erfahrene Fachkr\u00e4fte und F\u00fchrungskr\u00e4fte\" \/>\n<meta property=\"og:url\" content=\"https:\/\/gruppe.seeberger.de\/de\/karriere\/jobs-in-ulm\/\" \/>\n<meta property=\"og:site_name\" content=\"Seeberger Gruppe\" \/>\n<meta property=\"article:publisher\" content=\"https:\/\/www.facebook.com\/seeberger.de\" \/>\n<meta property=\"article:modified_time\" content=\"2026-04-27T07:14:43+00:00\" \/>\n<meta property=\"og:image\" content=\"https:\/\/gruppe.seeberger.de\/wp\/wp-content\/uploads\/2024\/05\/Seeberger_Genusswelt_Aussenansicht.jpg\" \/>\n\t<meta property=\"og:image:width\" content=\"1200\" \/>\n\t<meta property=\"og:image:height\" content=\"832\" \/>\n\t<meta property=\"og:image:type\" content=\"image\/jpeg\" \/>\n<meta name=\"twitter:card\" content=\"summary_large_image\" \/>\n<meta name=\"twitter:label1\" content=\"Gesch\u00e4tzte Lesezeit\" \/>\n\t<meta name=\"twitter:data1\" content=\"3\u00a0Minuten\" \/>\n<script type=\"application\/ld+json\" class=\"yoast-schema-graph\">{\"@context\":\"https:\/\/schema.org\",\"@graph\":[{\"@type\":\"WebPage\",\"@id\":\"https:\/\/gruppe.seeberger.de\/de\/karriere\/jobs-in-ulm\/\",\"url\":\"https:\/\/gruppe.seeberger.de\/de\/karriere\/jobs-in-ulm\/\",\"name\":\"Jetzt Teil der Seeberger Gruppe werden I Jobs f\u00fcr Berufseinsteiger und erfahrene Fachkr\u00e4fte in Ulm\",\"isPartOf\":{\"@id\":\"https:\/\/gruppe.seeberger.de\/de\/#website\"},\"datePublished\":\"2024-02-19T13:41:11+00:00\",\"dateModified\":\"2026-04-27T07:14:43+00:00\",\"description\":\"Egal ob Teilzeit oder Vollzeit, im Au\u00dfendienst oder vor Ort in Ulm, ob Personalwesen, internationaler Vertrieb oder modernste Betriebstechnik: Wir bieten vielf\u00e4ltige Karrierem\u00f6glichkeiten bei Seeberger f\u00fcr Einsteiger, erfahrene Fachkr\u00e4fte und F\u00fchrungskr\u00e4fte\",\"breadcrumb\":{\"@id\":\"https:\/\/gruppe.seeberger.de\/de\/karriere\/jobs-in-ulm\/#breadcrumb\"},\"inLanguage\":\"de\",\"potentialAction\":[{\"@type\":\"ReadAction\",\"target\":[\"https:\/\/gruppe.seeberger.de\/de\/karriere\/jobs-in-ulm\/\"]}]},{\"@type\":\"BreadcrumbList\",\"@id\":\"https:\/\/gruppe.seeberger.de\/de\/karriere\/jobs-in-ulm\/#breadcrumb\",\"itemListElement\":[{\"@type\":\"ListItem\",\"position\":1,\"name\":\"Home\",\"item\":\"https:\/\/gruppe.seeberger.de\/de\/\"},{\"@type\":\"ListItem\",\"position\":2,\"name\":\"Karriere\",\"item\":\"https:\/\/gruppe.seeberger.de\/de\/karriere\/\"},{\"@type\":\"ListItem\",\"position\":3,\"name\":\"Einsteiger:innen &amp; Berufserfahrene\"}]},{\"@type\":\"WebSite\",\"@id\":\"https:\/\/gruppe.seeberger.de\/de\/#website\",\"url\":\"https:\/\/gruppe.seeberger.de\/de\/\",\"name\":\"Seeberger Gruppe Website\",\"description\":\"Ein Familienunternehmen mit Tradition\",\"publisher\":{\"@id\":\"https:\/\/gruppe.seeberger.de\/de\/#organization\"},\"alternateName\":\"Seeberger Gruppe\",\"potentialAction\":[{\"@type\":\"SearchAction\",\"target\":{\"@type\":\"EntryPoint\",\"urlTemplate\":\"https:\/\/gruppe.seeberger.de\/de\/?s={search_term_string}\"},\"query-input\":{\"@type\":\"PropertyValueSpecification\",\"valueRequired\":true,\"valueName\":\"search_term_string\"}}],\"inLanguage\":\"de\"},{\"@type\":\"Organization\",\"@id\":\"https:\/\/gruppe.seeberger.de\/de\/#organization\",\"name\":\"Seeberger Gruppe\",\"url\":\"https:\/\/gruppe.seeberger.de\/de\/\",\"logo\":{\"@type\":\"ImageObject\",\"inLanguage\":\"de\",\"@id\":\"https:\/\/gruppe.seeberger.de\/de\/#\/schema\/logo\/image\/\",\"url\":\"https:\/\/gruppe.seeberger.de\/wp-content\/uploads\/2024\/03\/seeberger-gruppe-logo.svg\",\"contentUrl\":\"https:\/\/gruppe.seeberger.de\/wp-content\/uploads\/2024\/03\/seeberger-gruppe-logo.svg\",\"width\":224,\"height\":64,\"caption\":\"Seeberger Gruppe\"},\"image\":{\"@id\":\"https:\/\/gruppe.seeberger.de\/de\/#\/schema\/logo\/image\/\"},\"sameAs\":[\"https:\/\/www.facebook.com\/seeberger.de\",\"https:\/\/www.youtube.com\/channel\/UC1ZsMjWjwtYtlymi5VKdRqA\",\"https:\/\/www.instagram.com\/seeberger_1844\/\",\"https:\/\/www.xing.com\/pages\/seebergergmbh\",\"http:\/\/www.linkedin.com\/company\/seeberger\"]}]}<\/script>\n<!-- \/ Yoast SEO plugin. -->","yoast_head_json":{"title":"Jetzt Teil der Seeberger Gruppe werden I Jobs f\u00fcr Berufseinsteiger und erfahrene Fachkr\u00e4fte in Ulm","description":"Egal ob Teilzeit oder Vollzeit, im Au\u00dfendienst oder vor Ort in Ulm, ob Personalwesen, internationaler Vertrieb oder modernste Betriebstechnik: Wir bieten vielf\u00e4ltige Karrierem\u00f6glichkeiten bei Seeberger f\u00fcr Einsteiger, erfahrene Fachkr\u00e4fte und F\u00fchrungskr\u00e4fte","robots":{"index":"index","follow":"follow","max-snippet":"max-snippet:-1","max-image-preview":"max-image-preview:large","max-video-preview":"max-video-preview:-1"},"canonical":"https:\/\/gruppe.seeberger.de\/de\/karriere\/jobs-in-ulm\/","og_locale":"de_DE","og_type":"article","og_title":"Jetzt Teil der Seeberger Gruppe werden I Jobs f\u00fcr Berufseinsteiger und erfahrene Fachkr\u00e4fte in Ulm","og_description":"Egal ob Teilzeit oder Vollzeit, im Au\u00dfendienst oder vor Ort in Ulm, ob Personalwesen, internationaler Vertrieb oder modernste Betriebstechnik: Wir bieten vielf\u00e4ltige Karrierem\u00f6glichkeiten bei Seeberger f\u00fcr Einsteiger, erfahrene Fachkr\u00e4fte und F\u00fchrungskr\u00e4fte","og_url":"https:\/\/gruppe.seeberger.de\/de\/karriere\/jobs-in-ulm\/","og_site_name":"Seeberger Gruppe","article_publisher":"https:\/\/www.facebook.com\/seeberger.de","article_modified_time":"2026-04-27T07:14:43+00:00","og_image":[{"width":1200,"height":832,"url":"https:\/\/gruppe.seeberger.de\/wp\/wp-content\/uploads\/2024\/05\/Seeberger_Genusswelt_Aussenansicht.jpg","type":"image\/jpeg"}],"twitter_card":"summary_large_image","twitter_misc":{"Gesch\u00e4tzte Lesezeit":"3\u00a0Minuten"},"schema":{"@context":"https:\/\/schema.org","@graph":[{"@type":"WebPage","@id":"https:\/\/gruppe.seeberger.de\/de\/karriere\/jobs-in-ulm\/","url":"https:\/\/gruppe.seeberger.de\/de\/karriere\/jobs-in-ulm\/","name":"Jetzt Teil der Seeberger Gruppe werden I Jobs f\u00fcr Berufseinsteiger und erfahrene Fachkr\u00e4fte in Ulm","isPartOf":{"@id":"https:\/\/gruppe.seeberger.de\/de\/#website"},"datePublished":"2024-02-19T13:41:11+00:00","dateModified":"2026-04-27T07:14:43+00:00","description":"Egal ob Teilzeit oder Vollzeit, im Au\u00dfendienst oder vor Ort in Ulm, ob Personalwesen, internationaler Vertrieb oder modernste Betriebstechnik: Wir bieten vielf\u00e4ltige Karrierem\u00f6glichkeiten bei Seeberger f\u00fcr Einsteiger, erfahrene Fachkr\u00e4fte und F\u00fchrungskr\u00e4fte","breadcrumb":{"@id":"https:\/\/gruppe.seeberger.de\/de\/karriere\/jobs-in-ulm\/#breadcrumb"},"inLanguage":"de","potentialAction":[{"@type":"ReadAction","target":["https:\/\/gruppe.seeberger.de\/de\/karriere\/jobs-in-ulm\/"]}]},{"@type":"BreadcrumbList","@id":"https:\/\/gruppe.seeberger.de\/de\/karriere\/jobs-in-ulm\/#breadcrumb","itemListElement":[{"@type":"ListItem","position":1,"name":"Home","item":"https:\/\/gruppe.seeberger.de\/de\/"},{"@type":"ListItem","position":2,"name":"Karriere","item":"https:\/\/gruppe.seeberger.de\/de\/karriere\/"},{"@type":"ListItem","position":3,"name":"Einsteiger:innen &amp; Berufserfahrene"}]},{"@type":"WebSite","@id":"https:\/\/gruppe.seeberger.de\/de\/#website","url":"https:\/\/gruppe.seeberger.de\/de\/","name":"Seeberger Gruppe Website","description":"Ein Familienunternehmen mit Tradition","publisher":{"@id":"https:\/\/gruppe.seeberger.de\/de\/#organization"},"alternateName":"Seeberger Gruppe","potentialAction":[{"@type":"SearchAction","target":{"@type":"EntryPoint","urlTemplate":"https:\/\/gruppe.seeberger.de\/de\/?s={search_term_string}"},"query-input":{"@type":"PropertyValueSpecification","valueRequired":true,"valueName":"search_term_string"}}],"inLanguage":"de"},{"@type":"Organization","@id":"https:\/\/gruppe.seeberger.de\/de\/#organization","name":"Seeberger Gruppe","url":"https:\/\/gruppe.seeberger.de\/de\/","logo":{"@type":"ImageObject","inLanguage":"de","@id":"https:\/\/gruppe.seeberger.de\/de\/#\/schema\/logo\/image\/","url":"https:\/\/gruppe.seeberger.de\/wp-content\/uploads\/2024\/03\/seeberger-gruppe-logo.svg","contentUrl":"https:\/\/gruppe.seeberger.de\/wp-content\/uploads\/2024\/03\/seeberger-gruppe-logo.svg","width":224,"height":64,"caption":"Seeberger Gruppe"},"image":{"@id":"https:\/\/gruppe.seeberger.de\/de\/#\/schema\/logo\/image\/"},"sameAs":["https:\/\/www.facebook.com\/seeberger.de","https:\/\/www.youtube.com\/channel\/UC1ZsMjWjwtYtlymi5VKdRqA","https:\/\/www.instagram.com\/seeberger_1844\/","https:\/\/www.xing.com\/pages\/seebergergmbh","http:\/\/www.linkedin.com\/company\/seeberger"]}]}},"_links":{"self":[{"href":"https:\/\/gruppe.seeberger.de\/de\/wp-json\/wp\/v2\/pages\/287","targetHints":{"allow":["GET"]}}],"collection":[{"href":"https:\/\/gruppe.seeberger.de\/de\/wp-json\/wp\/v2\/pages"}],"about":[{"href":"https:\/\/gruppe.seeberger.de\/de\/wp-json\/wp\/v2\/types\/page"}],"author":[{"embeddable":true,"href":"https:\/\/gruppe.seeberger.de\/de\/wp-json\/wp\/v2\/users\/6"}],"replies":[{"embeddable":true,"href":"https:\/\/gruppe.seeberger.de\/de\/wp-json\/wp\/v2\/comments?post=287"}],"version-history":[{"count":75,"href":"https:\/\/gruppe.seeberger.de\/de\/wp-json\/wp\/v2\/pages\/287\/revisions"}],"predecessor-version":[{"id":4943,"href":"https:\/\/gruppe.seeberger.de\/de\/wp-json\/wp\/v2\/pages\/287\/revisions\/4943"}],"up":[{"embeddable":true,"href":"https:\/\/gruppe.seeberger.de\/de\/wp-json\/wp\/v2\/pages\/285"}],"wp:attachment":[{"href":"https:\/\/gruppe.seeberger.de\/de\/wp-json\/wp\/v2\/media?parent=287"}],"curies":[{"name":"wp","href":"https:\/\/api.w.org\/{rel}","templated":true}]}}