{"id":1412,"date":"2024-01-30T12:13:42","date_gmt":"2024-01-30T11:13:42","guid":{"rendered":"https:\/\/gruppe.seeberger.de\/page-daccueil\/"},"modified":"2025-10-07T13:53:54","modified_gmt":"2025-10-07T11:53:54","slug":"page-daccueil","status":"publish","type":"page","link":"https:\/\/gruppe.seeberger.de\/fr\/","title":{"rendered":"Page d&#8217;accueil"},"content":{"rendered":"<div class=\"wpb-content-wrapper\">[vc_row ppi_row_padding=&#8221;ppi_remove_padding_top&#8221; full_width=&#8221;stretch_row_content_no_spaces&#8221;][vc_column]<div class=\"see_intro-section\"><div class=\"see_intro-section__leaf see_intro-section__leaf--one\"><img decoding=\"async\" src=\"https:\/\/gruppe.seeberger.de\/wp\/wp-content\/themes\/seeberger-gruppe\/build\/img\/intro-section-leaf-one.svg?v=1776945270001\" alt=\"\"\/><\/div><div class=\"see_intro-section__leaf see_intro-section__leaf--two\"><img decoding=\"async\" src=\"https:\/\/gruppe.seeberger.de\/wp\/wp-content\/themes\/seeberger-gruppe\/build\/img\/intro-section-leaf-two.svg?v=1776945270001\" alt=\"\"\/><\/div><div class=\"see_intro-section__leaf see_intro-section__leaf--three\"><video playsinline=\"playsinline\" autoplay=\"autoplay\" muted=\"muted\" loop=\"loop\"><source src=\"https:\/\/gruppe.seeberger.de\/wp-content\/uploads\/2024\/05\/SB_HGweb_5.mp4\" type=\"video\/mp4\"><\/video><\/div><div class=\"see_intro-section__textbox\"><h1 class=\"see_intro-section__textbox__headline\">Le meilleur de la nature\r<br\/>\u2013 Seeberger :\r<br\/>Depuis 1844<\/h1><\/div><\/div>[\/vc_column][\/vc_row][vc_row][vc_column]\n<div class=\"see_image-text__container\">\n    <div class=\"see_image-text ppi_row ppi_row-flex align-items--center\">\n        <div class=\"ppi_col-xs-12 ppi_col-md-6 see_image ppi_col-md-push-6\">\n                        <figure>\n                                    <img loading=\"lazy\" decoding=\"async\" width=\"1200\" height=\"798\" src=\"https:\/\/gruppe.seeberger.de\/wp\/wp-content\/uploads\/2024\/05\/nuesse_komprimiert-1200x798.jpg\" class=\"attachment-see-lg size-see-lg\" alt=\"Tasse Kaffee mit Latte-Art neben N\u00fcssen, Tee und Mangostreifen auf dunklem Holztisch.\" srcset=\"https:\/\/gruppe.seeberger.de\/wp\/wp-content\/uploads\/2024\/05\/nuesse_komprimiert-1200x798.jpg 1200w, https:\/\/gruppe.seeberger.de\/wp\/wp-content\/uploads\/2024\/05\/nuesse_komprimiert-300x200.jpg 300w, https:\/\/gruppe.seeberger.de\/wp\/wp-content\/uploads\/2024\/05\/nuesse_komprimiert-1024x681.jpg 1024w, https:\/\/gruppe.seeberger.de\/wp\/wp-content\/uploads\/2024\/05\/nuesse_komprimiert-768x511.jpg 768w, https:\/\/gruppe.seeberger.de\/wp\/wp-content\/uploads\/2024\/05\/nuesse_komprimiert-992x660.jpg 992w, https:\/\/gruppe.seeberger.de\/wp\/wp-content\/uploads\/2024\/05\/nuesse_komprimiert-480x319.jpg 480w, https:\/\/gruppe.seeberger.de\/wp\/wp-content\/uploads\/2024\/05\/nuesse_komprimiert.jpg 1619w\" sizes=\"auto, (max-width: 1200px) 100vw, 1200px\" \/>                            <\/figure>\n                                            <\/div>\n\n        <div class=\"ppi_col-xs-12 ppi_col-md-6 ppi_col-md-pull-6\">\n                            <div class=\"see_image-text__content\">\n                    <h2>Bienvenue chez le<br \/>\nGroupe Seeberger<\/h2>\n<p>Dans chaque produit Seeberger se cache un peu de nature. Notre promesse : vous offrir le meilleur de la nature. Depuis 1844, nous mettons tout en \u0153uvre au sein du groupe Seeberger pour qu&#8217;il en soit toujours ainsi et que nos clients puissent savourer des fruits \u00e0 coque , des fruits secs et du caf\u00e9 du monde entier de la plus haute qualit\u00e9.<\/p>\n<p><a class=\"button button--outline--primary\" href=\"https:\/\/seeberger-staging.pluspol-networks.de\/fr\/ce-que-nous-sommes\/\">En savoir plus<\/a><\/p>\n                <\/div>\n                    <\/div>\n\n\n\n            <\/div>\n<\/div>\n[\/vc_column][\/vc_row][vc_row ppi_row_type=&#8221;ppi_light_bg&#8221; full_width=&#8221;stretch_row&#8221;][vc_column][vc_column_text]\r\n<h2 style=\"text-align: center\">Les marques de Seeberger<\/h2>\r\n<p class=\"text-width text-width--560\" style=\"text-align: center\">Ce qui r\u00e9unit les marques de Seeberger est l\u2019ambition de proposer la meilleure qualit\u00e9. Tous les jours, nous travaillons avec passion afin que chaque produit et chaque domaine de notre entreprise familiale progresse toujours davantage.<\/p>\r\n[\/vc_column_text]<div class=\"see_teasers\"><div class=\"see_teasers-slider swiper swiper-teaser-slider swiper-69ef9d6eac112\" data-swiperID=\"69ef9d6eac112\"><div class=\"swiper-wrapper\"><div class=\"see_teasers__item swiper-slide\">\n        <a href=\"https:\/\/www.seeberger.de\/\" target=\"_blank\">\n        <div class=\"see_teasers__item__image\">\n            <img loading=\"lazy\" decoding=\"async\" width=\"992\" height=\"992\" src=\"https:\/\/gruppe.seeberger.de\/wp\/wp-content\/uploads\/2025\/10\/Ueber_Uns_Image_Teaser-992x992.png\" class=\"attachment-see-md size-see-md\" alt=\"Zwei M\u00e4dels sitzend lachend auf der Couch mit einer Mango-Packung in der Hand\" srcset=\"https:\/\/gruppe.seeberger.de\/wp\/wp-content\/uploads\/2025\/10\/Ueber_Uns_Image_Teaser-992x992.png 992w, https:\/\/gruppe.seeberger.de\/wp\/wp-content\/uploads\/2025\/10\/Ueber_Uns_Image_Teaser-300x300.png 300w, https:\/\/gruppe.seeberger.de\/wp\/wp-content\/uploads\/2025\/10\/Ueber_Uns_Image_Teaser-1024x1024.png 1024w, https:\/\/gruppe.seeberger.de\/wp\/wp-content\/uploads\/2025\/10\/Ueber_Uns_Image_Teaser-150x150.png 150w, https:\/\/gruppe.seeberger.de\/wp\/wp-content\/uploads\/2025\/10\/Ueber_Uns_Image_Teaser-768x768.png 768w, https:\/\/gruppe.seeberger.de\/wp\/wp-content\/uploads\/2025\/10\/Ueber_Uns_Image_Teaser-480x480.png 480w, https:\/\/gruppe.seeberger.de\/wp\/wp-content\/uploads\/2025\/10\/Ueber_Uns_Image_Teaser.png 1200w\" sizes=\"auto, (max-width: 992px) 100vw, 992px\" \/>        <\/div>\n    <\/a>\n        <div class=\"see_teasers__item__description\">\n        <h3>Seeberger Snacks<\/h3>        <p>Qu\u2019ils soient laiss\u00e9s \u00e0 l\u2019\u00e9tat naturel ou anoblis, sucr\u00e9s ou sal\u00e9s, qu\u2019ils s\u2019appellent tranches de mangue s\u00e9ch\u00e9es ou amande-cranberry-mix - nous proposons les meilleurs snacks venus de la nature.<\/p>        <a class=\"button button--outline--primary\" href=\"https:\/\/www.seeberger.de\/\" target=\"_blank\" rel=\"\" title=\"En savoir plus\" style=\"\">En savoir plus<\/a>    <\/div>\n<\/div>\n<div class=\"see_teasers__item swiper-slide\">\n        <a href=\"https:\/\/www.seeberger-professional.de\/?utm_source=gruppe.seeberger.de&#038;utm_medium=referral&#038;utm_campaign=mainmenue\" target=\"_blank\">\n        <div class=\"see_teasers__item__image\">\n            <img loading=\"lazy\" decoding=\"async\" width=\"992\" height=\"661\" src=\"https:\/\/gruppe.seeberger.de\/wp\/wp-content\/uploads\/2024\/02\/seeberger-professional-992x661.jpg\" class=\"attachment-see-md size-see-md\" alt=\"Mitarbeiter f\u00fcllt Kaffeebohnen in Packung vor gro\u00dfem Kaffeer\u00f6ster\" srcset=\"https:\/\/gruppe.seeberger.de\/wp\/wp-content\/uploads\/2024\/02\/seeberger-professional-992x661.jpg 992w, https:\/\/gruppe.seeberger.de\/wp\/wp-content\/uploads\/2024\/02\/seeberger-professional-300x200.jpg 300w, https:\/\/gruppe.seeberger.de\/wp\/wp-content\/uploads\/2024\/02\/seeberger-professional-768x512.jpg 768w, https:\/\/gruppe.seeberger.de\/wp\/wp-content\/uploads\/2024\/02\/seeberger-professional-1024x682.jpg 1024w, https:\/\/gruppe.seeberger.de\/wp\/wp-content\/uploads\/2024\/02\/seeberger-professional-1920x1280.jpg 1920w, https:\/\/gruppe.seeberger.de\/wp\/wp-content\/uploads\/2024\/02\/seeberger-professional-1200x800.jpg 1200w, https:\/\/gruppe.seeberger.de\/wp\/wp-content\/uploads\/2024\/02\/seeberger-professional-480x320.jpg 480w, https:\/\/gruppe.seeberger.de\/wp\/wp-content\/uploads\/2024\/02\/seeberger-professional.jpg 2000w\" sizes=\"auto, (max-width: 992px) 100vw, 992px\" \/>        <\/div>\n    <\/a>\n        <div class=\"see_teasers__item__description\">\n        <h3>Seeberger Professional<\/h3>        <p>Du distributeur de snacks en entreprise aux machines \u00e0 tamis et aux machines automatiques pour la restauration ou le \u00a0 bureau : nous proposons un plaisir durable aux entreprises dans toute l\u2019Allemagne, y compris une large offre de services.<\/p>        <a class=\"button button--outline--primary\" href=\"https:\/\/www.seeberger-professional.de\/?utm_source=gruppe.seeberger.de&#038;utm_medium=referral&#038;utm_campaign=mainmenue\" target=\"_blank\" rel=\"\" title=\"En savoir plus\" style=\"\">En savoir plus<\/a>    <\/div>\n<\/div>\n<div class=\"see_teasers__item swiper-slide\">\n        <a href=\"https:\/\/gruppe.seeberger.de\/genusswelt\/\" target=\"_blank\">\n        <div class=\"see_teasers__item__image\">\n            <img loading=\"lazy\" decoding=\"async\" width=\"992\" height=\"1488\" src=\"https:\/\/gruppe.seeberger.de\/wp\/wp-content\/uploads\/2024\/04\/Seeberger-Gruppe_Genusswelt_\u00a9Nils-Hasenau_1-992x1488.jpg\" class=\"attachment-see-md size-see-md\" alt=\"Ein metallener Etagere mit Geb\u00e4ck und Fr\u00fcchten steht auf Holztisch neben Getr\u00e4nken.\" srcset=\"https:\/\/gruppe.seeberger.de\/wp\/wp-content\/uploads\/2024\/04\/Seeberger-Gruppe_Genusswelt_\u00a9Nils-Hasenau_1-992x1488.jpg 992w, https:\/\/gruppe.seeberger.de\/wp\/wp-content\/uploads\/2024\/04\/Seeberger-Gruppe_Genusswelt_\u00a9Nils-Hasenau_1-200x300.jpg 200w, https:\/\/gruppe.seeberger.de\/wp\/wp-content\/uploads\/2024\/04\/Seeberger-Gruppe_Genusswelt_\u00a9Nils-Hasenau_1-683x1024.jpg 683w, https:\/\/gruppe.seeberger.de\/wp\/wp-content\/uploads\/2024\/04\/Seeberger-Gruppe_Genusswelt_\u00a9Nils-Hasenau_1-768x1152.jpg 768w, https:\/\/gruppe.seeberger.de\/wp\/wp-content\/uploads\/2024\/04\/Seeberger-Gruppe_Genusswelt_\u00a9Nils-Hasenau_1-480x720.jpg 480w, https:\/\/gruppe.seeberger.de\/wp\/wp-content\/uploads\/2024\/04\/Seeberger-Gruppe_Genusswelt_\u00a9Nils-Hasenau_1.jpg 1200w\" sizes=\"auto, (max-width: 992px) 100vw, 992px\" \/>        <\/div>\n    <\/a>\n        <div class=\"see_teasers__item__description\">\n        <h3>L\u2019Univers des saveurs Seeberger<\/h3>        <p>Tout l\u2019univers des marques Seeberger sous un m\u00eame toit chez nous \u00e0 Ulm : dans notre boutique, notre restaurant, notre caf\u00e9, mais aussi dans nos salles d\u2019\u00e9v\u00e9nementiel, de formation et de r\u00e9union, les saveurs sont chez elles.<\/p>        <a class=\"button button--outline--primary\" href=\"https:\/\/gruppe.seeberger.de\/genusswelt\/\" target=\"_blank\" rel=\"\" title=\"En savoir plus\" style=\"\">En savoir plus<\/a>    <\/div>\n<\/div>\n<\/div><\/div><div class=\"swiper-pagination\"><\/div><\/div>[\/vc_column][\/vc_row][vc_row][vc_column]<div class=\"see_sustainability \">\n    <div class=\"see_sustainability__container\">\n                    <div class=\"see_sustainability__content\">\n                <h2>La durabilit\u00e9 chez Seeberger<\/h2>\n<p><span style=\"font-weight: 400\">Nous prenons nos responsabilit\u00e9s. <\/span><span style=\"font-weight: 400\">Envers la terre d\u2019o\u00f9 proviennent nos produits, envers les femmes et les hommes dans les pays d\u2019origine et envers nos collaborateurs. Notre objectif<\/span><span style=\"font-weight: 400\">: <\/span><span style=\"font-weight: 400\">pr\u00e9server la Terre pour que les g\u00e9n\u00e9rations futures puissent continuer \u00e0 y vivre.<\/span><\/p>\n                                    <a href=\"https:\/\/gruppe.seeberger.de\/nachhaltigkeit\/\"\n                       class=\"button\" >D\u00e9couvrir<\/a>\n                            <\/div>\n                <figure class=\"see_sustainability__image\">\n            <img loading=\"lazy\" decoding=\"async\" width=\"480\" height=\"624\" src=\"https:\/\/gruppe.seeberger.de\/wp\/wp-content\/uploads\/2025\/03\/nachhaltigkeit.svg\" class=\"attachment-see-lg size-see-lg\" alt=\"Ausgestreckte Hand mit dar\u00fcberstehender Weltkugel\" \/>        <\/figure>\n    <\/div>\n<\/div>\n[\/vc_column][\/vc_row][vc_row][vc_column][vc_column_text]\r\n<h2 style=\"text-align: center\">Actualit\u00e9s<\/h2>\r\n[\/vc_column_text]<div class=\"see_blog\">\n            \n        <div class=\"see_blog__list see_blog__slider\"\n             data-posts-per-page=\"3\">\n                        <div class=\"see_blog-slider swiper swiper-blog-slider swiper-69ef9d6ead8ff\"\n                 data-swiperID=\"69ef9d6ead8ff\">\n                <div class=\"swiper-wrapper\">\n                                                                                            <a href=\"https:\/\/gruppe.seeberger.de\/fr\/blog\/extension-de-la-logistique-par-la-construction-dun-nouvel-entrepot-a-hauts-rayonnages\/\"  class=\"see_blog__list__item swiper-slide\">\n    <div class=\"see_blog__list__item__image\">\n        <img loading=\"lazy\" decoding=\"async\" width=\"768\" height=\"493\" src=\"https:\/\/gruppe.seeberger.de\/wp\/wp-content\/uploads\/2024\/10\/Spatenstich-Seeberger-scaled.jpg\" class=\"attachment-768x576 size-768x576\" alt=\"Spatenstich Hochregallager 2026\" srcset=\"https:\/\/gruppe.seeberger.de\/wp\/wp-content\/uploads\/2024\/10\/Spatenstich-Seeberger-scaled.jpg 2560w, https:\/\/gruppe.seeberger.de\/wp\/wp-content\/uploads\/2024\/10\/Spatenstich-Seeberger-300x193.jpg 300w, https:\/\/gruppe.seeberger.de\/wp\/wp-content\/uploads\/2024\/10\/Spatenstich-Seeberger-1024x658.jpg 1024w, https:\/\/gruppe.seeberger.de\/wp\/wp-content\/uploads\/2024\/10\/Spatenstich-Seeberger-768x493.jpg 768w, https:\/\/gruppe.seeberger.de\/wp\/wp-content\/uploads\/2024\/10\/Spatenstich-Seeberger-1920x1233.jpg 1920w, https:\/\/gruppe.seeberger.de\/wp\/wp-content\/uploads\/2024\/10\/Spatenstich-Seeberger-1200x771.jpg 1200w, https:\/\/gruppe.seeberger.de\/wp\/wp-content\/uploads\/2024\/10\/Spatenstich-Seeberger-992x637.jpg 992w, https:\/\/gruppe.seeberger.de\/wp\/wp-content\/uploads\/2024\/10\/Spatenstich-Seeberger-480x308.jpg 480w\" sizes=\"auto, (max-width: 768px) 100vw, 768px\" \/>    <\/div>\n    <div class=\"see_blog__list__item__content\">\n        <h3 class=\"see_blog__list__item__content__title\">\n            Extension de la logistique par la construction d&#8217;un nouvel entrep\u00f4t \u00e0 hauts rayonnages        <\/h3>\n        <div class=\"see_blog__list__item__content__category\">\n            09.10.2024,\n            <span>Groupe Seeberger<\/span>, <span>Presse<\/span>        <\/div>\n\n        <div class=\"see_blog__list__item__content__description\">\n            Seeberger augmente ses capacit\u00e9s avec un entrep\u00f4t de stockage en hauteur suppl\u00e9mentaire et une extension de la logistique interne existante.        <\/div>\n    <\/div>\n<\/a>\n                                                                                                <a href=\"https:\/\/gruppe.seeberger.de\/fr\/blog\/communique-de-presse-sur-lexercice-2023-et-perspectives\/\"  class=\"see_blog__list__item swiper-slide\">\n    <div class=\"see_blog__list__item__image\">\n        <img loading=\"lazy\" decoding=\"async\" width=\"496\" height=\"576\" src=\"https:\/\/gruppe.seeberger.de\/wp\/wp-content\/uploads\/2024\/07\/Seeberger_Nussroesterei1-2.jpg\" class=\"attachment-768x576 size-768x576\" alt=\"Nuss-R\u00f6sterei\" srcset=\"https:\/\/gruppe.seeberger.de\/wp\/wp-content\/uploads\/2024\/07\/Seeberger_Nussroesterei1-2.jpg 545w, https:\/\/gruppe.seeberger.de\/wp\/wp-content\/uploads\/2024\/07\/Seeberger_Nussroesterei1-2-258x300.jpg 258w, https:\/\/gruppe.seeberger.de\/wp\/wp-content\/uploads\/2024\/07\/Seeberger_Nussroesterei1-2-480x558.jpg 480w\" sizes=\"auto, (max-width: 496px) 100vw, 496px\" \/>    <\/div>\n    <div class=\"see_blog__list__item__content\">\n        <h3 class=\"see_blog__list__item__content__title\">\n            Communiqu\u00e9 de presse sur l&#8217;exercice 2023 et perspectives        <\/h3>\n        <div class=\"see_blog__list__item__content__category\">\n            15.07.2024,\n            <span>Groupe Seeberger<\/span>, <span>Presse<\/span>        <\/div>\n\n        <div class=\"see_blog__list__item__content__description\">\n            Seeberger termine l'ann\u00e9e 2023 de mani\u00e8re satisfaisante malgr\u00e9 un contexte difficile et continue \u00e0 mettre le cap sur la croissance pour 2024.        <\/div>\n    <\/div>\n<\/a>\n                                                                                                <a href=\"https:\/\/gruppe.seeberger.de\/fr\/blog\/le-travail-de-durabilite-certifie-par-la-medaille-dargent-ecovadis\/\"  class=\"see_blog__list__item swiper-slide\">\n    <div class=\"see_blog__list__item__image\">\n        <img loading=\"lazy\" decoding=\"async\" width=\"714\" height=\"576\" src=\"https:\/\/gruppe.seeberger.de\/wp\/wp-content\/uploads\/2024\/07\/IMG_0241-scaled.jpg\" class=\"attachment-768x576 size-768x576\" alt=\"Plantage mit bl\u00fchenden B\u00e4umen\" srcset=\"https:\/\/gruppe.seeberger.de\/wp\/wp-content\/uploads\/2024\/07\/IMG_0241-scaled.jpg 2560w, https:\/\/gruppe.seeberger.de\/wp\/wp-content\/uploads\/2024\/07\/IMG_0241-300x242.jpg 300w, https:\/\/gruppe.seeberger.de\/wp\/wp-content\/uploads\/2024\/07\/IMG_0241-1024x827.jpg 1024w, https:\/\/gruppe.seeberger.de\/wp\/wp-content\/uploads\/2024\/07\/IMG_0241-768x620.jpg 768w, https:\/\/gruppe.seeberger.de\/wp\/wp-content\/uploads\/2024\/07\/IMG_0241-1920x1550.jpg 1920w, https:\/\/gruppe.seeberger.de\/wp\/wp-content\/uploads\/2024\/07\/IMG_0241-1200x969.jpg 1200w, https:\/\/gruppe.seeberger.de\/wp\/wp-content\/uploads\/2024\/07\/IMG_0241-992x801.jpg 992w, https:\/\/gruppe.seeberger.de\/wp\/wp-content\/uploads\/2024\/07\/IMG_0241-480x387.jpg 480w\" sizes=\"auto, (max-width: 714px) 100vw, 714px\" \/>    <\/div>\n    <div class=\"see_blog__list__item__content\">\n        <h3 class=\"see_blog__list__item__content__title\">\n            Le travail de durabilit\u00e9 r\u00e9compens\u00e9 par la m\u00e9daille d&#8217;argent EcoVadis        <\/h3>\n        <div class=\"see_blog__list__item__content__category\">\n            03.07.2024,\n            <span>Durabilit\u00e9<\/span>, <span>Groupe Seeberger<\/span>        <\/div>\n\n        <div class=\"see_blog__list__item__content__description\">\n            Apr\u00e8s avoir obtenu le bronze en 2023, nous nous sommes encore am\u00e9lior\u00e9s cette ann\u00e9e en obtenant la m\u00e9daille d'argent du classement EcoVadis sur le d\u00e9veloppement durable .        <\/div>\n    <\/div>\n<\/a>\n                                                                                <\/div>\n            <\/div>\n            <div class=\"swiper-pagination\"><\/div>\n                <\/div>\n\n\n        <div class=\"see_loader\">\n    <div class=\"ppi_row text-center\">\n        <div class=\"ppi_col-xs-12\">\n            <div class=\"see_loader__spinner\">\n                <span><\/span>\n                <span><\/span>\n                <span><\/span>\n            <\/div>\n        <\/div>\n    <\/div>\n<\/div>\n\n                    <div class=\"see_blog__load-more\">\n                <div class=\"ppi_row text-center\">\n                    <div class=\"ppi_col-xs-12\">\n                                                    <a href=\"https:\/\/gruppe.seeberger.de\/ueber-uns\/neuigkeiten-und-aktuelles\/\" class=\"button button--outline\">\n                                Plus d'articles                            <\/a>\n                                            <\/div>\n                <\/div>\n            <\/div>\n            \n    <\/div>\n[\/vc_column][\/vc_row]<\/div>","protected":false},"excerpt":{"rendered":"[vc_row ppi_row_padding=&#8221;ppi_remove_padding_top&#8221; full_width=&#8221;stretch_row_content_no_spaces&#8221;][vc_column][\/vc_column][\/vc_row][vc_row][vc_column][\/vc_column][\/vc_row][vc_row ppi_row_type=&#8221;ppi_light_bg&#8221; full_width=&#8221;stretch_row&#8221;][vc_column][vc_column_text] Les marques de Seeberger Ce qui r\u00e9unit les marques de Seeberger est l\u2019ambition de proposer la meilleure qualit\u00e9. Tous les jours, nous travaillons avec passion afin que chaque produit et chaque domaine de notre entreprise familiale progresse toujours davantage. [\/vc_column_text][\/vc_column][\/vc_row][vc_row][vc_column][\/vc_column][\/vc_row][vc_row][vc_column][vc_column_text] Actualit\u00e9s [\/vc_column_text][\/vc_column][\/vc_row]","protected":false},"author":3,"featured_media":0,"parent":0,"menu_order":0,"comment_status":"closed","ping_status":"closed","template":"","meta":{"_acf_changed":false,"inline_featured_image":false,"footnotes":""},"class_list":["post-1412","page","type-page","status-publish","hentry"],"acf":[],"yoast_head":"<!-- This site is optimized with the Yoast SEO plugin v27.2 - https:\/\/yoast.com\/product\/yoast-seo-wordpress\/ -->\n<title>Bienvenue sur le site d\u2019entreprise du Groupe Seeberger<\/title>\n<meta name=\"description\" content=\"L\u2019univers du Groupe Seeberger, grand producteur de fruits \u00e0 coque, de caf\u00e9 et de snacks qui allie tradition et d\u00e9veloppement durable.\" \/>\n<meta name=\"robots\" content=\"index, follow, max-snippet:-1, max-image-preview:large, max-video-preview:-1\" \/>\n<link rel=\"canonical\" href=\"https:\/\/gruppe.seeberger.de\/fr\/\" \/>\n<meta property=\"og:locale\" content=\"fr_FR\" \/>\n<meta property=\"og:type\" content=\"article\" \/>\n<meta property=\"og:title\" content=\"Bienvenue sur le site d\u2019entreprise du Groupe Seeberger\" \/>\n<meta property=\"og:description\" content=\"L\u2019univers du Groupe Seeberger, grand producteur de fruits \u00e0 coque, de caf\u00e9 et de snacks qui allie tradition et d\u00e9veloppement durable.\" \/>\n<meta property=\"og:url\" content=\"https:\/\/gruppe.seeberger.de\/fr\/\" \/>\n<meta property=\"og:site_name\" content=\"Seeberger Gruppe\" \/>\n<meta property=\"article:publisher\" content=\"https:\/\/www.facebook.com\/seeberger.de\" \/>\n<meta property=\"article:modified_time\" content=\"2025-10-07T11:53:54+00:00\" \/>\n<meta property=\"og:image\" content=\"https:\/\/gruppe.seeberger.de\/wp\/wp-content\/uploads\/2024\/05\/Seeberger_Genusswelt_Aussenansicht.jpg\" \/>\n\t<meta property=\"og:image:width\" content=\"1200\" \/>\n\t<meta property=\"og:image:height\" content=\"832\" \/>\n\t<meta property=\"og:image:type\" content=\"image\/jpeg\" \/>\n<meta name=\"twitter:card\" content=\"summary_large_image\" \/>\n<meta name=\"twitter:label1\" content=\"Est. reading time\" \/>\n\t<meta name=\"twitter:data1\" content=\"2 minutes\" \/>\n<script type=\"application\/ld+json\" class=\"yoast-schema-graph\">{\"@context\":\"https:\/\/schema.org\",\"@graph\":[{\"@type\":\"WebPage\",\"@id\":\"https:\/\/gruppe.seeberger.de\/fr\/\",\"url\":\"https:\/\/gruppe.seeberger.de\/fr\/\",\"name\":\"Bienvenue sur le site d\u2019entreprise du Groupe Seeberger\",\"isPartOf\":{\"@id\":\"https:\/\/gruppe.seeberger.de\/fr\/#website\"},\"datePublished\":\"2024-01-30T11:13:42+00:00\",\"dateModified\":\"2025-10-07T11:53:54+00:00\",\"description\":\"L\u2019univers du Groupe Seeberger, grand producteur de fruits \u00e0 coque, de caf\u00e9 et de snacks qui allie tradition et d\u00e9veloppement durable.\",\"breadcrumb\":{\"@id\":\"https:\/\/gruppe.seeberger.de\/fr\/#breadcrumb\"},\"inLanguage\":\"fr-FR\",\"potentialAction\":[{\"@type\":\"ReadAction\",\"target\":[\"https:\/\/gruppe.seeberger.de\/fr\/\"]}]},{\"@type\":\"BreadcrumbList\",\"@id\":\"https:\/\/gruppe.seeberger.de\/fr\/#breadcrumb\",\"itemListElement\":[{\"@type\":\"ListItem\",\"position\":1,\"name\":\"Home\",\"item\":\"https:\/\/gruppe.seeberger.de\/fr\/\"},{\"@type\":\"ListItem\",\"position\":2,\"name\":\"Page d&#8217;accueil\"}]},{\"@type\":\"WebSite\",\"@id\":\"https:\/\/gruppe.seeberger.de\/fr\/#website\",\"url\":\"https:\/\/gruppe.seeberger.de\/fr\/\",\"name\":\"Seeberger Gruppe Website\",\"description\":\"Ein Familienunternehmen mit Tradition\",\"publisher\":{\"@id\":\"https:\/\/gruppe.seeberger.de\/fr\/#organization\"},\"alternateName\":\"Seeberger Gruppe\",\"potentialAction\":[{\"@type\":\"SearchAction\",\"target\":{\"@type\":\"EntryPoint\",\"urlTemplate\":\"https:\/\/gruppe.seeberger.de\/fr\/?s={search_term_string}\"},\"query-input\":{\"@type\":\"PropertyValueSpecification\",\"valueRequired\":true,\"valueName\":\"search_term_string\"}}],\"inLanguage\":\"fr-FR\"},{\"@type\":\"Organization\",\"@id\":\"https:\/\/gruppe.seeberger.de\/fr\/#organization\",\"name\":\"Seeberger Gruppe\",\"url\":\"https:\/\/gruppe.seeberger.de\/fr\/\",\"logo\":{\"@type\":\"ImageObject\",\"inLanguage\":\"fr-FR\",\"@id\":\"https:\/\/gruppe.seeberger.de\/fr\/#\/schema\/logo\/image\/\",\"url\":\"https:\/\/gruppe.seeberger.de\/wp-content\/uploads\/2024\/03\/seeberger-gruppe-logo.svg\",\"contentUrl\":\"https:\/\/gruppe.seeberger.de\/wp-content\/uploads\/2024\/03\/seeberger-gruppe-logo.svg\",\"width\":224,\"height\":64,\"caption\":\"Seeberger Gruppe\"},\"image\":{\"@id\":\"https:\/\/gruppe.seeberger.de\/fr\/#\/schema\/logo\/image\/\"},\"sameAs\":[\"https:\/\/www.facebook.com\/seeberger.de\",\"https:\/\/www.youtube.com\/channel\/UC1ZsMjWjwtYtlymi5VKdRqA\",\"https:\/\/www.instagram.com\/seeberger_1844\/\",\"https:\/\/www.xing.com\/pages\/seebergergmbh\",\"http:\/\/www.linkedin.com\/company\/seeberger\"]}]}<\/script>\n<!-- \/ Yoast SEO plugin. -->","yoast_head_json":{"title":"Bienvenue sur le site d\u2019entreprise du Groupe Seeberger","description":"L\u2019univers du Groupe Seeberger, grand producteur de fruits \u00e0 coque, de caf\u00e9 et de snacks qui allie tradition et d\u00e9veloppement durable.","robots":{"index":"index","follow":"follow","max-snippet":"max-snippet:-1","max-image-preview":"max-image-preview:large","max-video-preview":"max-video-preview:-1"},"canonical":"https:\/\/gruppe.seeberger.de\/fr\/","og_locale":"fr_FR","og_type":"article","og_title":"Bienvenue sur le site d\u2019entreprise du Groupe Seeberger","og_description":"L\u2019univers du Groupe Seeberger, grand producteur de fruits \u00e0 coque, de caf\u00e9 et de snacks qui allie tradition et d\u00e9veloppement durable.","og_url":"https:\/\/gruppe.seeberger.de\/fr\/","og_site_name":"Seeberger Gruppe","article_publisher":"https:\/\/www.facebook.com\/seeberger.de","article_modified_time":"2025-10-07T11:53:54+00:00","og_image":[{"width":1200,"height":832,"url":"https:\/\/gruppe.seeberger.de\/wp\/wp-content\/uploads\/2024\/05\/Seeberger_Genusswelt_Aussenansicht.jpg","type":"image\/jpeg"}],"twitter_card":"summary_large_image","twitter_misc":{"Est. reading time":"2 minutes"},"schema":{"@context":"https:\/\/schema.org","@graph":[{"@type":"WebPage","@id":"https:\/\/gruppe.seeberger.de\/fr\/","url":"https:\/\/gruppe.seeberger.de\/fr\/","name":"Bienvenue sur le site d\u2019entreprise du Groupe Seeberger","isPartOf":{"@id":"https:\/\/gruppe.seeberger.de\/fr\/#website"},"datePublished":"2024-01-30T11:13:42+00:00","dateModified":"2025-10-07T11:53:54+00:00","description":"L\u2019univers du Groupe Seeberger, grand producteur de fruits \u00e0 coque, de caf\u00e9 et de snacks qui allie tradition et d\u00e9veloppement durable.","breadcrumb":{"@id":"https:\/\/gruppe.seeberger.de\/fr\/#breadcrumb"},"inLanguage":"fr-FR","potentialAction":[{"@type":"ReadAction","target":["https:\/\/gruppe.seeberger.de\/fr\/"]}]},{"@type":"BreadcrumbList","@id":"https:\/\/gruppe.seeberger.de\/fr\/#breadcrumb","itemListElement":[{"@type":"ListItem","position":1,"name":"Home","item":"https:\/\/gruppe.seeberger.de\/fr\/"},{"@type":"ListItem","position":2,"name":"Page d&#8217;accueil"}]},{"@type":"WebSite","@id":"https:\/\/gruppe.seeberger.de\/fr\/#website","url":"https:\/\/gruppe.seeberger.de\/fr\/","name":"Seeberger Gruppe Website","description":"Ein Familienunternehmen mit Tradition","publisher":{"@id":"https:\/\/gruppe.seeberger.de\/fr\/#organization"},"alternateName":"Seeberger Gruppe","potentialAction":[{"@type":"SearchAction","target":{"@type":"EntryPoint","urlTemplate":"https:\/\/gruppe.seeberger.de\/fr\/?s={search_term_string}"},"query-input":{"@type":"PropertyValueSpecification","valueRequired":true,"valueName":"search_term_string"}}],"inLanguage":"fr-FR"},{"@type":"Organization","@id":"https:\/\/gruppe.seeberger.de\/fr\/#organization","name":"Seeberger Gruppe","url":"https:\/\/gruppe.seeberger.de\/fr\/","logo":{"@type":"ImageObject","inLanguage":"fr-FR","@id":"https:\/\/gruppe.seeberger.de\/fr\/#\/schema\/logo\/image\/","url":"https:\/\/gruppe.seeberger.de\/wp-content\/uploads\/2024\/03\/seeberger-gruppe-logo.svg","contentUrl":"https:\/\/gruppe.seeberger.de\/wp-content\/uploads\/2024\/03\/seeberger-gruppe-logo.svg","width":224,"height":64,"caption":"Seeberger Gruppe"},"image":{"@id":"https:\/\/gruppe.seeberger.de\/fr\/#\/schema\/logo\/image\/"},"sameAs":["https:\/\/www.facebook.com\/seeberger.de","https:\/\/www.youtube.com\/channel\/UC1ZsMjWjwtYtlymi5VKdRqA","https:\/\/www.instagram.com\/seeberger_1844\/","https:\/\/www.xing.com\/pages\/seebergergmbh","http:\/\/www.linkedin.com\/company\/seeberger"]}]}},"_links":{"self":[{"href":"https:\/\/gruppe.seeberger.de\/fr\/wp-json\/wp\/v2\/pages\/1412","targetHints":{"allow":["GET"]}}],"collection":[{"href":"https:\/\/gruppe.seeberger.de\/fr\/wp-json\/wp\/v2\/pages"}],"about":[{"href":"https:\/\/gruppe.seeberger.de\/fr\/wp-json\/wp\/v2\/types\/page"}],"author":[{"embeddable":true,"href":"https:\/\/gruppe.seeberger.de\/fr\/wp-json\/wp\/v2\/users\/3"}],"replies":[{"embeddable":true,"href":"https:\/\/gruppe.seeberger.de\/fr\/wp-json\/wp\/v2\/comments?post=1412"}],"version-history":[{"count":56,"href":"https:\/\/gruppe.seeberger.de\/fr\/wp-json\/wp\/v2\/pages\/1412\/revisions"}],"predecessor-version":[{"id":4677,"href":"https:\/\/gruppe.seeberger.de\/fr\/wp-json\/wp\/v2\/pages\/1412\/revisions\/4677"}],"wp:attachment":[{"href":"https:\/\/gruppe.seeberger.de\/fr\/wp-json\/wp\/v2\/media?parent=1412"}],"curies":[{"name":"wp","href":"https:\/\/api.w.org\/{rel}","templated":true}]}}